{"id":25,"date":"2014-02-27T23:35:26","date_gmt":"2014-02-27T21:35:26","guid":{"rendered":"http:\/\/tkdku.ericberg.de\/?page_id=25"},"modified":"2025-12-11T23:39:39","modified_gmt":"2025-12-11T22:39:39","slug":"termine","status":"publish","type":"page","link":"http:\/\/taekwon-do-kulmbach.de\/?page_id=25","title":{"rendered":"TERMINE"},"content":{"rendered":"\n<p><strong><mark style=\"background-color:rgba(0, 0, 0, 0)\" class=\"has-inline-color has-black-color\"><\/mark><\/strong><strong>Ab 24.2.&nbsp;&nbsp;&nbsp;&nbsp;&nbsp;&nbsp;&nbsp;&nbsp;&nbsp;&nbsp;&nbsp;&nbsp;&nbsp;&nbsp;&nbsp;&nbsp;&nbsp; Offene Kurse <\/strong>(Mitglieder kostenfrei)<strong>:&nbsp;&nbsp;&nbsp;&nbsp;&nbsp;&nbsp;&nbsp;&nbsp;&nbsp;&nbsp;&nbsp;&nbsp;&nbsp;&nbsp;&nbsp;&nbsp;&nbsp;&nbsp;&nbsp;&nbsp;&nbsp;&nbsp;&nbsp;&nbsp; <\/strong><strong>Kulmbach<\/strong><strong><\/strong><\/p>\n\n\n\n<p><strong>&nbsp;&nbsp;&nbsp;&nbsp;&nbsp;&nbsp;&nbsp;&nbsp;&nbsp;&nbsp;&nbsp;&nbsp;&nbsp;&nbsp;&nbsp;&nbsp;&nbsp;&nbsp;&nbsp;&nbsp;&nbsp;&nbsp;&nbsp;&nbsp;&nbsp;&nbsp;&nbsp;&nbsp;&nbsp;&nbsp;&nbsp; Budogymnastik und K\u00f6rperkraft&nbsp; (Mo)<\/strong><\/p>\n\n\n\n<p><strong>&nbsp;&nbsp;&nbsp;&nbsp;&nbsp;&nbsp;&nbsp;&nbsp;&nbsp;&nbsp;&nbsp;&nbsp;&nbsp;&nbsp;&nbsp;&nbsp;&nbsp;&nbsp;&nbsp;&nbsp;&nbsp;&nbsp;&nbsp;&nbsp;&nbsp;&nbsp;&nbsp;&nbsp;&nbsp;&nbsp;&nbsp; Eigenschutz und Selbstverteidigung (Mi)<\/strong><\/p>\n\n\n\n<h6 class=\"wp-block-heading\">&nbsp;<\/h6>\n\n\n\n<p><strong>1. M\u00e4rz &nbsp;&nbsp;&nbsp;&nbsp;&nbsp;&nbsp; &nbsp;&nbsp;&nbsp;&nbsp;&nbsp;&nbsp;&nbsp;&nbsp;&nbsp; Lehrg\u00e4nge&nbsp; SPORTANLAGE BLSV&nbsp;&nbsp;&nbsp; &nbsp;&nbsp; &nbsp;&nbsp;&nbsp;&nbsp;&nbsp;&nbsp;&nbsp;&nbsp;&nbsp;&nbsp;&nbsp;Bischofsgr\u00fcn<\/strong><\/p>\n\n\n\n<p><strong>Samstag &nbsp;&nbsp;&nbsp;&nbsp;&nbsp;&nbsp;&nbsp;&nbsp;&nbsp;&nbsp;&nbsp;&nbsp;&nbsp;&nbsp; Leitung: E. Padellis 6. Dan, Erlangen&nbsp;<\/strong><\/p>\n\n\n\n<p><strong>8. M\u00e4rz&nbsp;&nbsp;&nbsp;&nbsp;&nbsp;&nbsp;&nbsp;&nbsp;&nbsp;&nbsp;&nbsp;&nbsp;&nbsp;&nbsp;&nbsp;&nbsp;&nbsp; Lehrgang, Pr\u00fcfungen,&nbsp;&nbsp;&nbsp;&nbsp;&nbsp;&nbsp;&nbsp;&nbsp;&nbsp;&nbsp;&nbsp;&nbsp;&nbsp;&nbsp;&nbsp;&nbsp;&nbsp;&nbsp;&nbsp;&nbsp;&nbsp;&nbsp;&nbsp;&nbsp;&nbsp;&nbsp;&nbsp;&nbsp; &nbsp;&nbsp;&nbsp;&nbsp;&nbsp;&nbsp;&nbsp;14.00&nbsp;&nbsp;&nbsp; Kulmbach Samstag&nbsp;&nbsp;&nbsp;&nbsp;&nbsp;&nbsp;&nbsp;&nbsp; &nbsp;&nbsp;&nbsp;&nbsp;&nbsp;&nbsp;&nbsp;&nbsp; Leitung:<\/strong> <strong>Ralph-J\u00f6rg Aman (6.Dan)&nbsp;&nbsp;&nbsp;&nbsp;&nbsp;&nbsp;&nbsp;&nbsp;&nbsp;&nbsp;&nbsp;&nbsp;&nbsp;&nbsp; &nbsp;&nbsp;&nbsp;&nbsp;&nbsp;&nbsp;&nbsp;&nbsp;&nbsp; &nbsp;&nbsp;&nbsp;&nbsp;&nbsp;&nbsp;&nbsp;&nbsp;&nbsp;&nbsp;&nbsp;&nbsp;&nbsp;&nbsp;&nbsp;&nbsp;&nbsp; &nbsp;&nbsp;&nbsp;&nbsp;&nbsp;&nbsp;&nbsp;&nbsp;&nbsp;&nbsp;&nbsp;&nbsp;&nbsp;&nbsp;<\/strong><strong><\/strong><\/p>\n\n\n\n<p><strong>22. M\u00e4rz &nbsp;&nbsp;&nbsp;&nbsp;&nbsp;&nbsp;&nbsp;&nbsp;&nbsp;&nbsp;&nbsp;&nbsp;&nbsp;&nbsp; Schuler\u00f6ffnung Vorf\u00fchrung Lehrg\u00e4nge,&nbsp; &nbsp;&nbsp;&nbsp;&nbsp; &nbsp;&nbsp;&nbsp;&nbsp;&nbsp;&nbsp;&nbsp;&nbsp;&nbsp;&nbsp;&nbsp;Griesheim Samstag&nbsp;&nbsp;&nbsp;&nbsp;&nbsp;&nbsp;&nbsp;&nbsp;&nbsp;&nbsp;&nbsp;&nbsp;&nbsp;&nbsp;&nbsp;&nbsp;&nbsp; Leitung: Joachim Reinhardt (7. Dan, Kempten)<\/strong><\/p>\n\n\n\n<p><strong>&nbsp;&nbsp;&nbsp;&nbsp;&nbsp;&nbsp;&nbsp;&nbsp;&nbsp; &nbsp;&nbsp;&nbsp;&nbsp;&nbsp;&nbsp;&nbsp;&nbsp;&nbsp;&nbsp;&nbsp;&nbsp;&nbsp;&nbsp;&nbsp;&nbsp;&nbsp;&nbsp;&nbsp;&nbsp;&nbsp;&nbsp;&nbsp;&nbsp;&nbsp;&nbsp;&nbsp;&nbsp;&nbsp;&nbsp;&nbsp;&nbsp;&nbsp;&nbsp;&nbsp; Ralf Peter (7.Dan, Kempten)<\/strong><\/p>\n\n\n\n<p><strong>29. M\u00e4rz&nbsp;&nbsp;&nbsp;&nbsp;&nbsp;&nbsp;&nbsp;&nbsp;&nbsp;&nbsp;&nbsp;&nbsp;&nbsp;&nbsp;&nbsp; Lehrg\u00e4nge, Vorf\u00fchrungen &nbsp;&nbsp;&nbsp;&nbsp;&nbsp;&nbsp;&nbsp;&nbsp;&nbsp;&nbsp;&nbsp;&nbsp;&nbsp;&nbsp;&nbsp;&nbsp;&nbsp;&nbsp;&nbsp;&nbsp;&nbsp;&nbsp;&nbsp;&nbsp;&nbsp;&nbsp; 14.00&nbsp;&nbsp; Kulmbach Samstag&nbsp;&nbsp;&nbsp;&nbsp;&nbsp;&nbsp;&nbsp;&nbsp; &nbsp;&nbsp;&nbsp;&nbsp;&nbsp;&nbsp;&nbsp;&nbsp; &nbsp;&nbsp;&nbsp;&nbsp;&nbsp;&nbsp;&nbsp;&nbsp;&nbsp;Jugendzentrum &nbsp;&nbsp;<\/strong><\/p>\n\n\n\n<p><strong>&nbsp;&nbsp;&nbsp;&nbsp;&nbsp;&nbsp;&nbsp;&nbsp;&nbsp;&nbsp;&nbsp;&nbsp;&nbsp;&nbsp;&nbsp;&nbsp;&nbsp;&nbsp;&nbsp;&nbsp;&nbsp;&nbsp;&nbsp;&nbsp;&nbsp;&nbsp;&nbsp;&nbsp;&nbsp; Leitung: Ralph-J\u00f6rg Aman (6.Dan)&nbsp;&nbsp;&nbsp;&nbsp;&nbsp;<\/strong><\/p>\n\n\n\n<p><strong>&nbsp; &nbsp;&nbsp;&nbsp;&nbsp;&nbsp;&nbsp;&nbsp;&nbsp;&nbsp;&nbsp;&nbsp;&nbsp;&nbsp;&nbsp;&nbsp;&nbsp;<\/strong><strong>28. Juni &nbsp;&nbsp;&nbsp;&nbsp;&nbsp;&nbsp;&nbsp;&nbsp;&nbsp;&nbsp;&nbsp;&nbsp;&nbsp;&nbsp;&nbsp; Lehrgang, Pr\u00fcfungen,&nbsp;&nbsp; (mit MGF)&nbsp; &nbsp;&nbsp;&nbsp;&nbsp;&nbsp;&nbsp;&nbsp;&nbsp;&nbsp;&nbsp;&nbsp;&nbsp;&nbsp;&nbsp;13.30&nbsp;&nbsp;&nbsp; Kulmbach Samstag&nbsp;&nbsp;&nbsp;&nbsp;&nbsp;&nbsp;&nbsp;&nbsp; &nbsp;&nbsp;&nbsp;&nbsp;&nbsp;&nbsp;&nbsp;&nbsp; Leitung:<\/strong> <strong>Ralph-J\u00f6rg Aman (6.Dan)&nbsp;&nbsp;&nbsp;&nbsp;&nbsp;&nbsp;&nbsp;&nbsp;&nbsp;&nbsp;&nbsp;&nbsp;&nbsp;&nbsp; &nbsp;&nbsp;&nbsp;&nbsp;&nbsp;&nbsp;&nbsp;&nbsp;&nbsp; &nbsp;&nbsp;&nbsp;&nbsp;&nbsp;&nbsp;&nbsp;&nbsp;&nbsp;&nbsp;&nbsp;&nbsp;&nbsp;&nbsp;&nbsp;&nbsp;&nbsp;&nbsp;&nbsp;&nbsp;&nbsp;&nbsp;&nbsp;&nbsp;&nbsp;&nbsp;&nbsp;&nbsp;&nbsp;&nbsp;&nbsp; <\/strong><strong><\/strong><\/p>\n\n\n\n<p><strong>12. Juli &nbsp;&nbsp;&nbsp;&nbsp;&nbsp;&nbsp;&nbsp;&nbsp;&nbsp;&nbsp;&nbsp;&nbsp;&nbsp;&nbsp;&nbsp;&nbsp; Sommerfest&nbsp; Lehrg\u00e4nge, Pr\u00fcfungen&nbsp;&nbsp;&nbsp;&nbsp;&nbsp;&nbsp;&nbsp;&nbsp;&nbsp; &nbsp;&nbsp;13.00&nbsp;&nbsp;&nbsp;&nbsp;&nbsp; Erlangen<\/strong><\/p>\n\n\n\n<p><strong>Samstag &nbsp;&nbsp;&nbsp;&nbsp;&nbsp;&nbsp;&nbsp;&nbsp;&nbsp;&nbsp;&nbsp;&nbsp;&nbsp;&nbsp; Leitung: E. Papadellis 6. Dan, Erlangen&nbsp;<\/strong><\/p>\n\n\n\n<p><strong>18. Juli&nbsp;&nbsp;&nbsp;&nbsp;&nbsp;&nbsp;&nbsp;&nbsp;&nbsp;&nbsp;&nbsp;&nbsp;&nbsp;&nbsp;&nbsp;&nbsp;&nbsp; MGF Sommerfest&nbsp;&nbsp;&nbsp;&nbsp; Vorf\u00fchrung&nbsp;&nbsp;&nbsp;&nbsp;&nbsp;&nbsp;&nbsp;&nbsp;&nbsp;&nbsp;&nbsp;&nbsp;&nbsp;&nbsp;&nbsp;&nbsp;&nbsp;&nbsp;&nbsp; 16.00&nbsp;&nbsp;&nbsp;&nbsp;&nbsp;&nbsp;&nbsp;&nbsp; Kulmbach<\/strong><\/p>\n\n\n\n<p><strong>Freitag &nbsp;&nbsp;&nbsp;&nbsp;&nbsp;&nbsp;&nbsp;&nbsp;&nbsp;&nbsp;&nbsp;&nbsp;&nbsp;&nbsp;&nbsp;&nbsp; Leitung:<\/strong> <strong>Ralph-J\u00f6rg Aman (6.Dan)<\/strong><strong><\/strong><\/p>\n\n\n\n<p><strong>26. Juli&nbsp;&nbsp;&nbsp;&nbsp;&nbsp;&nbsp;&nbsp;&nbsp;&nbsp;&nbsp;&nbsp;&nbsp;&nbsp;&nbsp;&nbsp;&nbsp;&nbsp; &nbsp;&nbsp;&nbsp;&nbsp;&nbsp;&nbsp;&nbsp;&nbsp;&nbsp;&nbsp;&nbsp;&nbsp;&nbsp;&nbsp;&nbsp;&nbsp;&nbsp;&nbsp;&nbsp;&nbsp; Sommerfest &nbsp;&nbsp;&nbsp;&nbsp;&nbsp;&nbsp;&nbsp;&nbsp;&nbsp;&nbsp;&nbsp;&nbsp;&nbsp;&nbsp; &nbsp;&nbsp;&nbsp;&nbsp;&nbsp;&nbsp;&nbsp;&nbsp;&nbsp;&nbsp;12.00&nbsp; &nbsp;&nbsp;Kulmbach Samstag&nbsp;&nbsp;&nbsp;&nbsp;&nbsp;&nbsp;&nbsp;&nbsp; &nbsp;&nbsp;&nbsp;&nbsp;&nbsp;&nbsp;&nbsp;&nbsp; L&nbsp;&nbsp;&nbsp;&nbsp;&nbsp; &nbsp;&nbsp;&nbsp;&nbsp;&nbsp;&nbsp;&nbsp;&nbsp;&nbsp; &nbsp;&nbsp;&nbsp;&nbsp;&nbsp;&nbsp;&nbsp;&nbsp;&nbsp;&nbsp;&nbsp;&nbsp;&nbsp;&nbsp;&nbsp;&nbsp;&nbsp;&nbsp;&nbsp;&nbsp;&nbsp;&nbsp;&nbsp;&nbsp;&nbsp;&nbsp;&nbsp;&nbsp;&nbsp;&nbsp;&nbsp;<\/strong><\/p>\n\n\n\n<div data-wp-interactive=\"core\/file\" class=\"wp-block-file\"><object data-wp-bind--hidden=\"!state.hasPdfPreview\" hidden class=\"wp-block-file__embed\" data=\"http:\/\/taekwon-do-kulmbach.de\/wp-content\/uploads\/2025\/07\/Sommerfest-2025-Flyer-1.pdf\" type=\"application\/pdf\" style=\"width:100%;height:600px\" aria-label=\"Einbettung von Sommerfest 2025 Flyer.\"><\/object><a id=\"wp-block-file--media-79efb6b6-a54b-41b1-9d78-8784bd022e06\" href=\"http:\/\/taekwon-do-kulmbach.de\/wp-content\/uploads\/2025\/07\/Sommerfest-2025-Flyer-1.pdf\">Sommerfest 2025 Flyer<\/a><a href=\"http:\/\/taekwon-do-kulmbach.de\/wp-content\/uploads\/2025\/07\/Sommerfest-2025-Flyer-1.pdf\" class=\"wp-block-file__button wp-element-button\" download aria-describedby=\"wp-block-file--media-79efb6b6-a54b-41b1-9d78-8784bd022e06\">Herunterladen<\/a><\/div>\n\n\n\n<p><strong>7.-9. September &nbsp;&nbsp;&nbsp; Trainigscamp Balderschwang K\u00f6pfle Alpe &nbsp;&nbsp;&nbsp;&nbsp;&nbsp;&nbsp;&nbsp;&nbsp;&nbsp;&nbsp; &nbsp;&nbsp;&nbsp;&nbsp;&nbsp;&nbsp;&nbsp;&nbsp;&nbsp;&nbsp;&nbsp;&nbsp;&nbsp;&nbsp;&nbsp;&nbsp;&nbsp;&nbsp;Allg\u00e4u<\/strong><\/p>\n\n\n\n<p><strong>&nbsp;&nbsp;&nbsp;&nbsp;&nbsp;&nbsp;&nbsp;&nbsp;&nbsp;&nbsp;&nbsp;&nbsp;&nbsp;&nbsp;&nbsp;&nbsp;&nbsp;&nbsp;&nbsp;&nbsp;&nbsp;&nbsp;&nbsp;&nbsp;&nbsp;&nbsp;&nbsp;&nbsp;&nbsp; Leitung: Joachim Reinhardt (7. Dan, Kempten)<\/strong><\/p>\n\n\n\n<p><strong>Ab September&nbsp;&nbsp;&nbsp;&nbsp;&nbsp;&nbsp; offene Kurse <\/strong>(Mitglieder kostenfrei)<strong>:&nbsp; &nbsp;&nbsp;&nbsp;&nbsp;&nbsp;&nbsp;&nbsp;&nbsp;&nbsp;&nbsp;&nbsp;&nbsp;&nbsp;&nbsp;&nbsp;&nbsp;&nbsp;&nbsp;&nbsp;&nbsp;&nbsp; &nbsp;Kulmbach<\/strong><\/p>\n\n\n\n<p><strong>&nbsp;&nbsp;&nbsp;&nbsp;&nbsp;&nbsp;&nbsp;&nbsp;&nbsp;&nbsp;&nbsp;&nbsp;&nbsp;&nbsp;&nbsp;&nbsp;&nbsp;&nbsp;&nbsp;&nbsp;&nbsp;&nbsp;&nbsp;&nbsp;&nbsp;&nbsp;&nbsp;&nbsp;&nbsp;&nbsp; &nbsp;Budogymnastik und K\u00f6rperkraft<\/strong><\/p>\n\n\n\n<p><strong>&nbsp;&nbsp;&nbsp;&nbsp;&nbsp;&nbsp;&nbsp;&nbsp;&nbsp;&nbsp;&nbsp;&nbsp;&nbsp;&nbsp;&nbsp;&nbsp;&nbsp;&nbsp;&nbsp;&nbsp;&nbsp;&nbsp;&nbsp;&nbsp;&nbsp;&nbsp;&nbsp;&nbsp;&nbsp;&nbsp;&nbsp; Eigenschutz und Selbstverteidigung<\/strong><\/p>\n\n\n\n<h6 class=\"wp-block-heading\">&nbsp;<\/h6>\n\n\n\n<p><strong>14. September<\/strong> &nbsp;&nbsp;&nbsp;&nbsp;&nbsp; <strong>Family Fun Fest &nbsp;&nbsp; <\/strong><strong>2 Vorf\u00fchrungen&nbsp;&nbsp;&nbsp;&nbsp;&nbsp;&nbsp;&nbsp; 13.00 Uhr &nbsp;&nbsp;&nbsp;&nbsp;&nbsp;&nbsp;&nbsp;&nbsp;&nbsp;&nbsp;&nbsp;&nbsp;&nbsp;&nbsp;&nbsp;&nbsp;&nbsp;&nbsp;&nbsp;&nbsp; Kulmbach<\/strong><\/p>\n\n\n\n<p><strong>Sonntag<\/strong><strong>&nbsp;&nbsp;&nbsp;&nbsp;&nbsp;&nbsp;&nbsp;&nbsp;&nbsp;&nbsp;&nbsp;&nbsp;&nbsp;&nbsp;&nbsp; <\/strong><strong>Leitung:<\/strong> <strong>Ralph Aman (6.Dan)<\/strong><\/p>\n\n\n\n<p><strong>10.-12.Oktober &nbsp;&nbsp;&nbsp;&nbsp; Trainingscamp, Lehrg\u00e4nge, Pr\u00fcfungen&nbsp;&nbsp;&nbsp;&nbsp;&nbsp;&nbsp;&nbsp;&nbsp;&nbsp;&nbsp;&nbsp;&nbsp;&nbsp; Bischofsgr\u00fcn<\/strong><\/p>\n\n\n\n<p><strong>&nbsp;&nbsp;&nbsp;&nbsp;&nbsp;&nbsp;&nbsp;&nbsp;&nbsp;&nbsp;&nbsp;&nbsp;&nbsp;&nbsp;&nbsp;&nbsp;&nbsp;&nbsp;&nbsp;&nbsp;&nbsp;&nbsp;&nbsp;&nbsp;&nbsp;&nbsp;&nbsp;&nbsp;&nbsp; Leitung E. Papadellis (6.Dan, Erlangen)&nbsp; &nbsp;<\/strong><\/p>\n\n\n\n<p>\u00a0<strong>13. Dezember \u00a0\u00a0\u00a0\u00a0\u00a0\u00a0 <a href=\"http:\/\/taekwon-do-kulmbach.de\/\" data-type=\"page\" data-id=\"2\">Lehrg\u00e4nge, Pr\u00fcfungen, Weihnachtsfeier\u00a0<\/a>\u00a0\u00a0\u00a0\u00a0\u00a0\u00a0\u00a0\u00a0\u00a0\u00a0\u00a0\u00a0\u00a0\u00a0 Kulmbach<\/strong><br><strong>Samstag\u00a0\u00a0\u00a0\u00a0\u00a0\u00a0\u00a0\u00a0\u00a0\u00a0\u00a0\u00a0\u00a0\u00a0\u00a0  Ralf Peter (Wiesbaden), Joachim Reinhardt (Kempten)<\/strong><br> <strong>                               Efstratios Papadellis (Erlangen) <br>                                Ausrichter: Dr. Ralph J\u00f6rg Aman<\/strong><\/p>\n\n\n\n<p><strong>&nbsp;&nbsp;&nbsp;<\/strong><\/p>\n\n\n\n<p><strong>&nbsp;&nbsp;&nbsp;&nbsp;&nbsp;&nbsp;&nbsp;&nbsp;&nbsp;&nbsp;&nbsp;&nbsp;&nbsp;&nbsp;&nbsp;&nbsp;&nbsp;&nbsp;&nbsp;&nbsp;&nbsp;&nbsp;&nbsp;&nbsp;&nbsp;&nbsp;&nbsp;&nbsp;&nbsp; <\/strong>&nbsp;&nbsp;&nbsp;&nbsp;&nbsp;&nbsp;&nbsp;&nbsp;&nbsp; &nbsp;<\/p>\n\n\n\n<p><\/p>\n\n\n\n<p class=\"has-medium-font-size\"><strong>2024:<\/strong><\/p>\n\n\n\n<p>Ab 26. Februar: Neue Kurse Budogymanstik und K\u00f6rperkraft<br>Eigenschutz und Selbstverteidigung<\/p>\n\n\n\n<p>20. April   Bundeslehrgang Rheine<\/p>\n\n\n\n<p>27. Juni&nbsp;&nbsp;&nbsp;&nbsp;&nbsp;&nbsp;&nbsp;&nbsp;&nbsp;&nbsp;&nbsp;&nbsp;&nbsp;&nbsp;&nbsp;&nbsp; Sommerfest Lehrg\u00e4nge, Pr\u00fcfungen &nbsp;&nbsp;&nbsp;&nbsp;&nbsp;&nbsp;&nbsp;&nbsp;&nbsp;&nbsp;&nbsp; &nbsp;&nbsp;Geisenfeld<br>Samstag&nbsp;&nbsp;&nbsp;&nbsp;&nbsp;&nbsp;&nbsp;&nbsp;&nbsp;&nbsp;&nbsp;&nbsp;&nbsp;&nbsp;&nbsp; Leitung: Joachim Reinhardt (7. Dan, Kempten)<br>13. Juli&nbsp;&nbsp;&nbsp;&nbsp;&nbsp;&nbsp;&nbsp;&nbsp;&nbsp;&nbsp;&nbsp;&nbsp;&nbsp;&nbsp;&nbsp;&nbsp;&nbsp; Lehrgang, Pr\u00fcfungen,&nbsp;&nbsp;&nbsp;&nbsp;&nbsp;&nbsp;&nbsp;&nbsp;&nbsp;&nbsp;&nbsp;&nbsp;&nbsp;&nbsp;&nbsp;&nbsp;&nbsp;&nbsp;&nbsp;&nbsp;&nbsp;&nbsp;&nbsp;&nbsp;&nbsp;&nbsp;&nbsp;&nbsp; &nbsp;Kulmbach <br>Samstag&nbsp;&nbsp;&nbsp;&nbsp;&nbsp;&nbsp;&nbsp;&nbsp; &nbsp;&nbsp;&nbsp;&nbsp;&nbsp;&nbsp;Sommerfest, Grillen,&nbsp;&nbsp;Leitung: Ralph-J\u00f6rg Aman (6.Dan)&nbsp;&nbsp;&nbsp;&nbsp;<br>19. Juli&nbsp;&nbsp;&nbsp;&nbsp;&nbsp;&nbsp;&nbsp;&nbsp;&nbsp;&nbsp;&nbsp;&nbsp;&nbsp;&nbsp;&nbsp;&nbsp;&nbsp; MGF &nbsp;Sommerfest Vorf\u00fchrung &nbsp;<br>Freitag&nbsp;&nbsp;&nbsp;&nbsp;&nbsp;&nbsp;&nbsp;&nbsp;&nbsp;&nbsp;&nbsp;&nbsp;&nbsp;&nbsp;&nbsp;&nbsp;&nbsp;16.00 Treffpunkt MGF&nbsp;&nbsp;&nbsp;&nbsp;&nbsp; &nbsp;&nbsp;&nbsp;&nbsp;&nbsp;&nbsp;&nbsp;&nbsp;&nbsp;&nbsp;&nbsp;&nbsp;&nbsp;&nbsp;&nbsp;&nbsp;&nbsp;&nbsp;&nbsp;&nbsp;&nbsp;&nbsp;&nbsp;&nbsp;&nbsp;&nbsp;&nbsp;&nbsp;&nbsp;&nbsp;&nbsp;&nbsp;Kulmbach<br>                             Leitung: Ralph-J\u00f6rg Aman (6.Dan)&nbsp;&nbsp;&nbsp;&nbsp;&nbsp;<br>&nbsp;<strong>10.-17. August &nbsp;&nbsp;&nbsp; Trainigscamp TOSKANA &nbsp;&nbsp;&nbsp;&nbsp;&nbsp;&nbsp;&nbsp;&nbsp;&nbsp;&nbsp;&nbsp;&nbsp;&nbsp;&nbsp;&nbsp;&nbsp;&nbsp;&nbsp; &nbsp;&nbsp;&nbsp;&nbsp;&nbsp;&nbsp;&nbsp;&nbsp;&nbsp;&nbsp;&nbsp;bella Italia<\/strong><br><strong>&nbsp;&nbsp;&nbsp;&nbsp;&nbsp;&nbsp;&nbsp;&nbsp;&nbsp;&nbsp;&nbsp;&nbsp;&nbsp;&nbsp;&nbsp;&nbsp;&nbsp;&nbsp;&nbsp;&nbsp;&nbsp;&nbsp;&nbsp;&nbsp;&nbsp;&nbsp;&nbsp;  Leitung: Joachim Reinhardt (7. Dan, Kempten)<\/strong>,<strong>Ralph-J\u00f6rg Aman (6.Dan)&nbsp;&nbsp;&nbsp;&nbsp;<\/strong><br>7. September &nbsp;&nbsp;&nbsp;&nbsp;&nbsp; Bundeslehrgang Dresden<br>8. September&nbsp;&nbsp;&nbsp;&nbsp;&nbsp;&nbsp;&nbsp;Family fun Fest &nbsp;&nbsp;&nbsp; Vorf\u00fchrungen&nbsp;&nbsp;&nbsp;&nbsp;&nbsp;&nbsp;&nbsp;&nbsp;&nbsp;&nbsp;&nbsp;&nbsp;&nbsp;&nbsp;&nbsp;&nbsp;&nbsp;&nbsp;&nbsp;&nbsp; Kulmbach<br>Sonntag&nbsp;&nbsp;&nbsp;&nbsp;&nbsp;&nbsp;&nbsp;&nbsp;&nbsp;&nbsp;      Leitung:Ralph Aman (6.Dan)&nbsp;&nbsp;&nbsp;&nbsp;<br><br>A<strong>b 16. September: Neue Kurse Budogymanstik und K\u00f6rperkraft<\/strong><br><strong>Eigenschutz und Selbstverteidigung<\/strong><br><br><strong>21. September &nbsp;&nbsp;&nbsp;&nbsp;&nbsp; 10 Jahre Mittenwald &nbsp;&nbsp;&nbsp;&nbsp;&nbsp; &nbsp;&nbsp;&nbsp;&nbsp;&nbsp;&nbsp;&nbsp;&nbsp;&nbsp;&nbsp;&nbsp;&nbsp;&nbsp;&nbsp;&nbsp;&nbsp;&nbsp;&nbsp;&nbsp;&nbsp;&nbsp;&nbsp;&nbsp;&nbsp;&nbsp;&nbsp;&nbsp;&nbsp;&nbsp;&nbsp;&nbsp;&nbsp;&nbsp;Mittenwald<\/strong><br>                               <strong>Lehrg\u00e4nge, Vorf\u00fchrungen<\/strong><\/p>\n\n\n\n<p><strong>28. September &nbsp;&nbsp;&nbsp;&nbsp;&nbsp; TURNIER VORBEREITUNGSLEHRGANG&nbsp;&nbsp;&nbsp;&nbsp;&nbsp;&nbsp;&nbsp;&nbsp;&nbsp;Kempten<\/strong><br><strong>&nbsp;&nbsp;&nbsp;&nbsp;&nbsp;&nbsp;&nbsp;&nbsp;&nbsp;&nbsp;&nbsp;&nbsp;&nbsp;&nbsp;&nbsp;&nbsp;&nbsp;&nbsp;&nbsp;&nbsp;&nbsp;&nbsp;&nbsp;&nbsp;&nbsp;&nbsp;&nbsp;&nbsp;&nbsp;  Leitung: Joachim Reinhardt (7. Dan, Kempten)&nbsp;&nbsp;<\/strong><br><strong>&nbsp;<\/strong><br><strong>5. Oktober &nbsp;&nbsp;&nbsp;&nbsp;&nbsp;&nbsp;&nbsp;&nbsp;&nbsp;&nbsp;&nbsp; \u00dc50-Lehrgang&nbsp;&nbsp;&nbsp;&nbsp;&nbsp;&nbsp;&nbsp;&nbsp;&nbsp;&nbsp;&nbsp;&nbsp;               &nbsp;&nbsp;&nbsp;&nbsp;&nbsp;&nbsp;&nbsp;&nbsp;&nbsp;&nbsp;&nbsp;&nbsp;&nbsp;&nbsp;             Garmisch&nbsp; <\/strong><\/p>\n\n\n\n<p><strong>19. Oktober &nbsp;&nbsp;&nbsp;&nbsp;&nbsp;&nbsp;     TURNIER&nbsp;                                      Garmisch-Partenkirchen<\/strong> <br><strong> &nbsp;&nbsp;&nbsp;&nbsp;&nbsp;&nbsp;&nbsp;&nbsp;&nbsp;                     Veranstalter: G\u00fclabi Erkoc (5. Dan)<\/strong><\/p>\n\n\n\n<p><strong>9. November &nbsp;&nbsp;&nbsp;&nbsp;&nbsp;&nbsp;&nbsp;&nbsp; Schul\u00fcbergabe, Dingolfing,&nbsp;                           &nbsp;&nbsp;&nbsp;&nbsp;&nbsp;&nbsp;&nbsp;&nbsp;&nbsp;&nbsp;&nbsp;&nbsp;&nbsp;&nbsp;&nbsp;&nbsp;&nbsp;&nbsp;&nbsp;&nbsp;&nbsp;<\/strong><br> <strong>                               Lehrg\u00e4nge, Vorf\u00fchrungen<\/strong><br><strong>&nbsp;&nbsp;&nbsp;&nbsp;&nbsp;&nbsp;&nbsp;&nbsp;&nbsp;&nbsp;&nbsp;&nbsp;&nbsp;&nbsp;&nbsp;&nbsp;&nbsp;&nbsp;&nbsp;&nbsp;&nbsp;&nbsp;&nbsp;&nbsp;&nbsp;&nbsp;&nbsp;&nbsp;&nbsp;   Ausrichter: Krzysztof Wieczorek (1. Dan)&nbsp;&nbsp;&nbsp;&nbsp;&nbsp;&nbsp;&nbsp;&nbsp;&nbsp;&nbsp;&nbsp;&nbsp;&nbsp; <\/strong><\/p>\n\n\n\n<p><strong>21. Dezember &nbsp;&nbsp;&nbsp;&nbsp;&nbsp;&nbsp; Lehrg\u00e4nge, Mitgliederversammlung,&nbsp;&nbsp;&nbsp;&nbsp; Kulmbach <\/strong><br><strong>Samstag&nbsp;&nbsp;&nbsp;&nbsp;&nbsp;&nbsp;&nbsp;&nbsp;&nbsp;&nbsp;&nbsp;&nbsp;&nbsp;&nbsp;&nbsp;&nbsp; Weihnachtsfeier&nbsp;&nbsp;&nbsp;&nbsp;&nbsp;&nbsp;&nbsp;&nbsp;&nbsp;&nbsp;&nbsp;&nbsp;&nbsp;&nbsp;&nbsp;&nbsp;&nbsp;&nbsp;&nbsp;&nbsp;&nbsp;&nbsp;&nbsp;&nbsp;&nbsp;&nbsp;&nbsp;&nbsp;&nbsp; <\/strong><br>                               <strong>Leitung: Joachim Reinhardt (7. Dan, Kempten)<\/strong>,&nbsp;<strong>Ralph Aman (6.Dan)&nbsp;&nbsp;<\/strong><br><br><br><strong>2023<\/strong>:<\/p>\n\n\n\n<p>Ab M\u00e4rz wieder offene Kurse in Bayreuth und Kulmbach (Mitglieder kostenfrei): &nbsp; <br> &#8211; Budogymnastik und K\u00f6rperkraft<br> &#8211; Eigenschutz und Selbstverteidigung<strong>&nbsp;&nbsp;&nbsp;&nbsp;&nbsp;&nbsp;&nbsp;&nbsp;&nbsp;&nbsp;&nbsp;&nbsp;&nbsp; &nbsp;&nbsp;&nbsp;&nbsp;&nbsp;&nbsp;&nbsp;&nbsp;&nbsp;&nbsp;&nbsp;&nbsp;&nbsp;&nbsp;&nbsp;&nbsp;<\/strong><\/p>\n\n\n\n<p><\/p>\n\n\n\n<p>22.4.&nbsp;&nbsp;&nbsp;&nbsp;&nbsp;&nbsp;&nbsp;&nbsp;&nbsp;&nbsp;&nbsp;&nbsp;&nbsp;&nbsp;&nbsp;&nbsp;&nbsp;&nbsp;&nbsp;&nbsp;&nbsp;&nbsp; Lehrgang, Pr\u00fcfungen,&nbsp;&nbsp;&nbsp;&nbsp;&nbsp;&nbsp;&nbsp;&nbsp;&nbsp;&nbsp;&nbsp;&nbsp;&nbsp;&nbsp;&nbsp; 14.30&nbsp;&nbsp;&nbsp;&nbsp; &nbsp;&nbsp;&nbsp;&nbsp; &nbsp;&nbsp;&nbsp;&nbsp;&nbsp;&nbsp;&nbsp;&nbsp;&nbsp; Kulmbach<br>Samstag &nbsp; &nbsp; &nbsp; &nbsp; &nbsp; &nbsp; &nbsp; &nbsp;Leitung: Ralph-J\u00f6rg Aman (6.Dan)&nbsp;&nbsp;&nbsp;&nbsp;<br> Anschlie\u00dfend \u201eRichtfest\u201c Sportanlage Kulmbach, Melkendorfer Str. 14 &nbsp;&nbsp;<br> 17.30 Uhr&nbsp; Grillen und gem\u00fctliches Beisammensein<\/p>\n\n\n\n<p><br>17. Juni   Lehrgang, Pr\u00fcfungen,&nbsp;&nbsp;&nbsp;&nbsp;&nbsp;&nbsp;&nbsp;&nbsp;&nbsp;&nbsp;&nbsp;&nbsp;&nbsp;&nbsp;&nbsp; 14.30&nbsp;&nbsp;&nbsp;&nbsp; &nbsp;&nbsp;&nbsp;&nbsp; &nbsp;&nbsp;&nbsp;&nbsp;&nbsp;&nbsp;&nbsp;&nbsp;&nbsp; Kulmbach<br>Samstag &nbsp; &nbsp; &nbsp; &nbsp; &nbsp; &nbsp; &nbsp;Leitung: Ralph-J\u00f6rg Aman (6.Dan)<\/p>\n\n\n\n<p><strong>22<\/strong>. Juli                Sommerfest   Lehrg\u00e4nge, Pr\u00fcfungen                                      Geisenfeld<br>Samstag Leitung: Joachm Reinhardt (7. Dan Kempten)<\/p>\n\n\n\n<p>31. Juli &#8211; 6. August          Sommertrainingslager TOSKANA                                Italien<br> Leitung: Joachim Reinhardt (7. Dan, Kempten)<\/p>\n\n\n\n<p>ab 18.9. w\u00f6chentlich&nbsp;&nbsp;&nbsp;&nbsp;&nbsp;&nbsp;&nbsp;&nbsp; Montags&nbsp;&nbsp;&nbsp; Kurs Budogymnastik<\/p>\n\n\n\n<p>ab 20.9. w\u00f6chentlich&nbsp;&nbsp;&nbsp;&nbsp;&nbsp;&nbsp;&nbsp;&nbsp; Mittwochs&nbsp; Kurs Selbstverteidigung w\u00f6chentlich<\/p>\n\n\n\n<p>15. September &nbsp;&nbsp;&nbsp;&nbsp;&nbsp; DAN \u2013 Lehrgang Hyong&nbsp;&nbsp; &nbsp;&nbsp;&nbsp;&nbsp;&nbsp;&nbsp;&nbsp;&nbsp; &nbsp;&nbsp;&nbsp;&nbsp;&nbsp;&nbsp;&nbsp;&nbsp;&nbsp; &nbsp;&nbsp;&nbsp;19.00 Uhr Kulmbach<br> &nbsp;&nbsp;&nbsp;&nbsp;&nbsp;&nbsp;&nbsp;&nbsp;&nbsp;&nbsp;&nbsp;&nbsp;&nbsp;&nbsp;&nbsp;&nbsp;&nbsp;&nbsp;&nbsp;&nbsp;&nbsp;&nbsp;&nbsp;&nbsp;&nbsp;&nbsp;   DAN gemeinsames Einladung Abendessen Freitag 20.30 Uhr&nbsp;&nbsp;<br>&nbsp;&nbsp;&nbsp;&nbsp;&nbsp;&nbsp;&nbsp;&nbsp;&nbsp;&nbsp;&nbsp;&nbsp;&nbsp;&nbsp;&nbsp;&nbsp;&nbsp;&nbsp;&nbsp;&nbsp;&nbsp;&nbsp;&nbsp;&nbsp;&nbsp;&nbsp;&nbsp;&nbsp;&nbsp; Leitung: Ralph Aman (6.Dan)<\/p>\n\n\n\n<p>23. September &nbsp;&nbsp;&nbsp;&nbsp;&nbsp; OKTOBERFEST Lehrgang &nbsp;&nbsp;&nbsp;&nbsp;&nbsp;&nbsp;&nbsp;&nbsp;&nbsp;&nbsp;&nbsp;&nbsp;&nbsp;&nbsp;&nbsp;&nbsp;&nbsp;&nbsp;&nbsp;&nbsp;&nbsp;&nbsp;&nbsp;&nbsp;&nbsp;&nbsp; &nbsp;&nbsp;&nbsp;&nbsp;&nbsp;&nbsp;&nbsp;&nbsp;&nbsp; Gr\u00e4felfing<\/p>\n\n\n\n<p>Samstag&nbsp;&nbsp;&nbsp;&nbsp;&nbsp;&nbsp;&nbsp;&nbsp;&nbsp;&nbsp;&nbsp;&nbsp;&nbsp;&nbsp;&nbsp;&nbsp; Ausrichter Ralf Humberg (3. Dan)<br> Leitung: Joachim Reinhardt (7.Dan) <strong>&nbsp;&nbsp;&nbsp;&nbsp;&nbsp;&nbsp;&nbsp;&nbsp;&nbsp;&nbsp;&nbsp;&nbsp;&nbsp;&nbsp;&nbsp;&nbsp;&nbsp;&nbsp;&nbsp;&nbsp; <\/strong><\/p>\n\n\n\n<p>30. September&nbsp;&nbsp;&nbsp;&nbsp;&nbsp;&nbsp; Lehrg\u00e4nge, Pr\u00fcfungen,&nbsp;&nbsp;&nbsp;&nbsp;&nbsp;&nbsp; &nbsp;&nbsp;&nbsp;&nbsp;&nbsp;&nbsp;&nbsp;&nbsp;&nbsp;&nbsp;&nbsp;&nbsp;&nbsp;&nbsp;&nbsp; &nbsp;&nbsp;&nbsp;&nbsp;&nbsp;&nbsp;&nbsp;&nbsp;&nbsp;14.30&nbsp;&nbsp;&nbsp;&nbsp; Kulmbach <br>Samstag&nbsp;&nbsp;&nbsp;&nbsp;&nbsp;&nbsp;&nbsp;&nbsp; &nbsp;&nbsp;&nbsp;&nbsp;&nbsp;&nbsp;&nbsp;&nbsp; Leitung: Ralph Aman (6.Dan)&nbsp;&nbsp;&nbsp;&nbsp;&nbsp;&nbsp;&nbsp;&nbsp;&nbsp;&nbsp;&nbsp;&nbsp;&nbsp;&nbsp;&nbsp;&nbsp;&nbsp;&nbsp;&nbsp;&nbsp;&nbsp;&nbsp; <\/p>\n\n\n\n<p>13.-15. Oktober&nbsp;&nbsp;&nbsp;&nbsp; Herbstlehrgang K\u00f6pfle Alpe&nbsp;&nbsp;&nbsp;&nbsp;&nbsp;&nbsp;&nbsp;&nbsp;&nbsp;&nbsp;&nbsp;&nbsp;&nbsp;&nbsp;&nbsp;&nbsp;&nbsp;&nbsp;&nbsp;&nbsp;&nbsp;&nbsp;&nbsp;&nbsp; &nbsp;&nbsp;&nbsp;&nbsp;&nbsp;&nbsp;&nbsp;&nbsp;&nbsp;&nbsp;&nbsp;&nbsp; Allg\u00e4u<br>&nbsp;&nbsp;&nbsp;&nbsp;&nbsp;&nbsp;&nbsp;&nbsp;&nbsp;&nbsp;&nbsp;&nbsp;&nbsp;&nbsp;&nbsp;&nbsp;&nbsp;&nbsp;&nbsp;&nbsp;&nbsp;&nbsp;&nbsp;&nbsp;&nbsp;&nbsp;&nbsp;&nbsp;&nbsp; Ausrichter: Carsten Schmahl<br>&nbsp;&nbsp;&nbsp;&nbsp;&nbsp;&nbsp;&nbsp;&nbsp;&nbsp;&nbsp;&nbsp;&nbsp;&nbsp;&nbsp;&nbsp;&nbsp;&nbsp;&nbsp;&nbsp;&nbsp;&nbsp;&nbsp;&nbsp;&nbsp;&nbsp;&nbsp;&nbsp;&nbsp;&nbsp; Leitung: Joachim Reinhardt (7.Dan)<\/p>\n\n\n\n<p>16. Dezember&nbsp;&nbsp; &nbsp;&nbsp;&nbsp;&nbsp; Lehrg\u00e4nge, Pr\u00fcfungen, Mitgliederversammlung,&nbsp;&nbsp;&nbsp;&nbsp; Kulmbach<br>Samstag&nbsp;&nbsp;&nbsp;&nbsp;&nbsp;&nbsp;&nbsp;&nbsp;&nbsp;&nbsp;&nbsp;&nbsp;&nbsp;&nbsp;&nbsp;&nbsp; Weihnachtsfeier<br>&nbsp;&nbsp;&nbsp;&nbsp;&nbsp;&nbsp;&nbsp;&nbsp;&nbsp;&nbsp;&nbsp;&nbsp;&nbsp;&nbsp;&nbsp;&nbsp;&nbsp;&nbsp;&nbsp;&nbsp;&nbsp;&nbsp;&nbsp;&nbsp;&nbsp;&nbsp;&nbsp;&nbsp;&nbsp; Leitung: Ralph Aman (6.Dan)&nbsp;&nbsp; <\/p>\n\n\n\n<p><\/p>\n\n\n\n<h2 class=\"wp-block-heading has-medium-font-size\" id=\"2022\">2022:<\/h2>\n\n\n\n<div class=\"wp-block-group\"><div class=\"wp-block-group__inner-container is-layout-constrained wp-block-group-is-layout-constrained\">\n<p><strong>12.2.&nbsp;&nbsp;&nbsp;&nbsp;&nbsp;&nbsp;&nbsp;&nbsp;&nbsp;&nbsp;&nbsp;&nbsp;&nbsp;&nbsp;&nbsp;&nbsp;&nbsp;&nbsp; &nbsp;&nbsp;   Lehrg\u00e4nge<\/strong><br><strong>Samstag &nbsp;&nbsp;&nbsp;&nbsp;&nbsp;&nbsp;&nbsp;&nbsp;&nbsp;&nbsp;&nbsp;&nbsp;&nbsp;&nbsp;&nbsp;&nbsp;Formenlauf, Hyong und Kampf, Taeryon &nbsp;&nbsp;&nbsp;&nbsp;&nbsp;&nbsp;&nbsp;&nbsp;&nbsp;&nbsp;&nbsp;&nbsp;&nbsp;&nbsp;&nbsp;&nbsp;&nbsp;&nbsp;&nbsp;    Eckental&nbsp;&nbsp;&nbsp;&nbsp;&nbsp;&nbsp;&nbsp;&nbsp;&nbsp;&nbsp;&nbsp;&nbsp;&nbsp;&nbsp;&nbsp;&nbsp;&nbsp;&nbsp;&nbsp;&nbsp;&nbsp;&nbsp;&nbsp;&nbsp;&nbsp;<\/strong><\/p>\n\n\n\n<p><strong>                               Leitung: Joachim Reinhardt (7. Dan, Kempten)<\/strong>&nbsp;&nbsp;<\/p>\n\n\n\n<p>&nbsp;&nbsp;&nbsp;&nbsp;&nbsp;&nbsp;&nbsp;&nbsp;&nbsp;&nbsp;&nbsp;&nbsp;&nbsp;&nbsp;&nbsp;&nbsp;&nbsp;&nbsp;&nbsp;&nbsp;&nbsp;&nbsp;&nbsp;&nbsp;&nbsp;&nbsp;&nbsp;&nbsp;&nbsp;&nbsp;&nbsp;<strong>Ausrichter: Christian Gugel &nbsp;&nbsp;(5. Dan, Eckental)<\/strong><\/p>\n\n\n\n<p><strong>Ab M\u00e4rz wieder offene Kurse in Bayreuth und Kulmbach <\/strong>(Mitglieder kostenfrei)<strong>: &nbsp;<\/strong><\/p>\n\n\n\n<p><strong>&nbsp;&nbsp;&nbsp;&nbsp;&nbsp;&nbsp;&nbsp;&nbsp;&nbsp;&nbsp;&nbsp;&nbsp;&nbsp;&nbsp;&nbsp; &nbsp;&nbsp;&nbsp;&nbsp;&nbsp;&nbsp;&nbsp;&nbsp;&nbsp;&nbsp;&nbsp;&nbsp;&nbsp;&nbsp;&nbsp;&nbsp;Budogymnastik und K\u00f6rperkraft<\/strong><\/p>\n\n\n\n<p><strong>&nbsp;&nbsp;&nbsp;&nbsp;&nbsp;&nbsp;&nbsp;&nbsp;&nbsp;&nbsp;&nbsp; &nbsp;&nbsp;&nbsp;&nbsp;&nbsp;&nbsp;&nbsp;&nbsp;&nbsp;&nbsp;&nbsp;&nbsp;&nbsp;&nbsp;&nbsp;&nbsp;&nbsp;&nbsp;&nbsp;&nbsp;Eigenschutz und Selbstverteidigung<\/strong><\/p>\n\n\n\n<p><strong>12.3.2022&nbsp;&nbsp;&nbsp; &nbsp;&nbsp;&nbsp;&nbsp;&nbsp;&nbsp;&nbsp;&nbsp;&nbsp;&nbsp; Jubil\u00e4umslehrgang 30 Jahre Taekwon-Do&nbsp;&nbsp;&nbsp;&nbsp;&nbsp; Rheine &nbsp;&nbsp;&nbsp;&nbsp;&nbsp;&nbsp;&nbsp;<\/strong><\/p>\n\n\n\n<p><strong>Samstag &nbsp;&nbsp;&nbsp;&nbsp;&nbsp;&nbsp;&nbsp;&nbsp;&nbsp;&nbsp;&nbsp;&nbsp;&nbsp;&nbsp;&nbsp;&nbsp;&nbsp;Ausrichter: Bettina K\u00fchn-Heinrich (5.Dan)<\/strong><\/p>\n\n\n\n<p><strong>&nbsp;&nbsp;&nbsp;&nbsp;&nbsp;&nbsp;&nbsp; &nbsp;&nbsp;&nbsp;&nbsp;&nbsp;&nbsp;&nbsp;&nbsp;&nbsp;&nbsp;&nbsp;&nbsp;&nbsp;&nbsp;&nbsp;&nbsp;&nbsp;&nbsp;&nbsp;&nbsp;&nbsp;&nbsp;&nbsp;&nbsp;Beginn ca. 12:00 Uhr<\/strong><\/p>\n\n\n\n<p><strong>&nbsp;&nbsp;&nbsp;&nbsp;&nbsp;&nbsp;&nbsp;&nbsp;&nbsp;&nbsp;&nbsp;&nbsp;&nbsp;&nbsp;&nbsp;&nbsp;&nbsp;&nbsp; &nbsp;&nbsp;&nbsp;&nbsp;&nbsp;&nbsp;&nbsp;&nbsp;&nbsp;&nbsp;&nbsp;&nbsp;&nbsp;Lehrgangsleiter sind unsere 7. Dan-Gro\u00dfmeister<\/strong><\/p>\n\n\n\n<p><strong>26.3.&nbsp;&nbsp;&nbsp;&nbsp;&nbsp;&nbsp;&nbsp;&nbsp;&nbsp;&nbsp;&nbsp;&nbsp;&nbsp;&nbsp;&nbsp;&nbsp;&nbsp;&nbsp;&nbsp;&nbsp;&nbsp;   Lehrgang, Pr\u00fcfungen,&nbsp;&nbsp;&nbsp;14.00&nbsp;&nbsp;&nbsp;&nbsp; Kulmbach <\/strong><\/p>\n\n\n\n<p><strong>Samstag&nbsp;&nbsp;&nbsp;&nbsp;&nbsp;&nbsp;&nbsp;&nbsp; &nbsp;&nbsp;&nbsp;&nbsp;&nbsp;&nbsp;&nbsp;  Leitung:<\/strong> <strong>Ralph-J\u00f6rg Aman (6.Dan)&nbsp;&nbsp;&nbsp;&nbsp;&nbsp;&nbsp;&nbsp;&nbsp;&nbsp;&nbsp;&nbsp;&nbsp;&nbsp;&nbsp; &nbsp;&nbsp;&nbsp;&nbsp;&nbsp;&nbsp;&nbsp;&nbsp;&nbsp; <\/strong><\/p>\n\n\n\n<h4 class=\"wp-block-heading\" id=\"7-mai-lehrgange-geisenfeld\"><strong>7. Mai &nbsp;&nbsp;&nbsp;&nbsp;&nbsp;&nbsp;&nbsp;&nbsp;&nbsp;&nbsp;&nbsp;&nbsp;&nbsp;&nbsp;&nbsp;&nbsp;&nbsp;&nbsp; &nbsp;&nbsp;&nbsp;&nbsp;&nbsp;&nbsp;&nbsp;&nbsp;&nbsp;&nbsp;&nbsp;Lehrg\u00e4nge&nbsp;&nbsp;&nbsp;&nbsp;&nbsp; &nbsp;&nbsp;&nbsp;&nbsp;&nbsp;&nbsp;&nbsp;&nbsp;&nbsp;&nbsp;&nbsp;&nbsp;&nbsp;&nbsp;&nbsp;&nbsp;&nbsp;&nbsp;&nbsp;&nbsp;&nbsp;&nbsp;&nbsp;&nbsp;&nbsp;&nbsp;&nbsp;&nbsp;&nbsp;&nbsp;&nbsp;&nbsp;&nbsp;&nbsp;&nbsp;&nbsp;&nbsp;&nbsp;&nbsp;&nbsp;&nbsp;&nbsp;&nbsp;&nbsp;&nbsp;&nbsp;&nbsp;&nbsp;&nbsp;Geisenfeld<\/strong><\/h4>\n\n\n\n<p><strong>Samstag &nbsp;&nbsp;&nbsp;&nbsp;&nbsp;&nbsp;&nbsp;&nbsp;&nbsp;&nbsp;&nbsp;&nbsp;&nbsp;&nbsp; Leitung: Ralph-J\u00f6rg Aman (6.Dan)<\/strong><\/p>\n\n\n\n<p><strong>&nbsp;&nbsp;&nbsp;&nbsp;&nbsp;&nbsp;&nbsp;&nbsp;&nbsp;&nbsp; &nbsp;&nbsp;&nbsp;&nbsp;&nbsp;&nbsp;&nbsp;&nbsp;&nbsp;&nbsp;&nbsp;&nbsp;&nbsp;&nbsp;&nbsp;&nbsp;&nbsp;&nbsp;&nbsp;&nbsp;&nbsp;Ausrichter Michael und Sandra M\u00fcller (Geisenfeld)<\/strong><\/p>\n\n\n\n<p><strong>25. Juni &nbsp;&nbsp;&nbsp;&nbsp;&nbsp;&nbsp;&nbsp;&nbsp;&nbsp;&nbsp;&nbsp;&nbsp;&nbsp;&nbsp;&nbsp; Jugend Hyong Wettbewerb \u201eW\u00fcrmtal-Schild\u201c&nbsp;&nbsp;&nbsp;&nbsp;&nbsp;&nbsp;&nbsp;&nbsp;&nbsp; Gr\u00e4felfing<\/strong><\/p>\n\n\n\n<p>Samstag&nbsp;&nbsp;&nbsp;&nbsp;&nbsp;&nbsp;&nbsp;&nbsp;&nbsp;&nbsp;&nbsp;&nbsp;&nbsp;&nbsp;&nbsp;&nbsp; Ausrichter Ralf Humberg (3. Dan)&nbsp;&nbsp;&nbsp;&nbsp; &nbsp;&nbsp;&nbsp;&nbsp;&nbsp;&nbsp;&nbsp;&nbsp;&nbsp;&nbsp;&nbsp;&nbsp;&nbsp;&nbsp;&nbsp;&nbsp;&nbsp;&nbsp;&nbsp; &nbsp;&nbsp;&nbsp;&nbsp;&nbsp;&nbsp;&nbsp;&nbsp;&nbsp; &nbsp;&nbsp;&nbsp;&nbsp;&nbsp;&nbsp;&nbsp;&nbsp;&nbsp;&nbsp;&nbsp;&nbsp;&nbsp;&nbsp;&nbsp;&nbsp;&nbsp;&nbsp;&nbsp;&nbsp;&nbsp;&nbsp;&nbsp;&nbsp;&nbsp;&nbsp;&nbsp;&nbsp;&nbsp;&nbsp;&nbsp;&nbsp;&nbsp;&nbsp;&nbsp;&nbsp;&nbsp;&nbsp;&nbsp;&nbsp; Leitung: Joachim Reinhardt (7.Dan) <strong>&nbsp;&nbsp;&nbsp;&nbsp;&nbsp;&nbsp;&nbsp;&nbsp;&nbsp;&nbsp;&nbsp;&nbsp;&nbsp;&nbsp;&nbsp;&nbsp;&nbsp;&nbsp;&nbsp;&nbsp; <\/strong><\/p>\n\n\n\n<p>9. Juli &nbsp;&nbsp;&nbsp;&nbsp;&nbsp;&nbsp;&nbsp;&nbsp;&nbsp;&nbsp;&nbsp;&nbsp;&nbsp;&nbsp;&nbsp;&nbsp;&nbsp;&nbsp; Schuler\u00f6ffnung Jacqueline Kestler (1.Dan)&nbsp;&nbsp;&nbsp;&nbsp;&nbsp;&nbsp;&nbsp; Gerolzhofen<\/p>\n\n\n\n<p>Samstag &nbsp;&nbsp;&nbsp;&nbsp;&nbsp;&nbsp;&nbsp;&nbsp;&nbsp;&nbsp;&nbsp;&nbsp;&nbsp;&nbsp; Lehrg\u00e4nge, Schulvorf\u00fchrungen 14.00 Uhr <strong>&nbsp;&nbsp; <\/strong><\/p>\n\n\n\n<p>23. Juli&nbsp;&nbsp;&nbsp;&nbsp;&nbsp;&nbsp;&nbsp;&nbsp;&nbsp;&nbsp;&nbsp;&nbsp;&nbsp;&nbsp;&nbsp;&nbsp;&nbsp;&nbsp;&nbsp;Sommerfest Lehrg\u00e4nge, Pr\u00fcfungen &nbsp; &nbsp;&nbsp;&nbsp;&nbsp;&nbsp;&nbsp;&nbsp;&nbsp;&nbsp; Geisenfeld<\/p>\n\n\n\n<p>Samstag&nbsp;&nbsp;&nbsp;&nbsp;&nbsp;&nbsp;&nbsp;&nbsp;&nbsp;&nbsp;&nbsp;&nbsp;&nbsp;&nbsp;&nbsp; Leitung: Joachim Reinhardt (7. Dan, Kempten)<\/p>\n\n\n\n<p>13. August &nbsp; &nbsp;&nbsp;&nbsp;&nbsp;&nbsp;&nbsp;&nbsp;&nbsp;&nbsp;&nbsp;Lehrg\u00e4nge, Weinfest&nbsp;&nbsp;&nbsp;&nbsp;&nbsp;&nbsp;&nbsp;&nbsp;&nbsp;&nbsp;&nbsp;&nbsp;&nbsp;&nbsp;&nbsp;&nbsp;&nbsp;&nbsp;&nbsp;&nbsp;&nbsp;&nbsp;&nbsp;&nbsp;&nbsp;&nbsp;&nbsp;&nbsp;&nbsp;&nbsp;&nbsp;&nbsp;&nbsp;&nbsp;&nbsp;&nbsp;&nbsp;&nbsp;&nbsp;&nbsp;&nbsp;&nbsp;&nbsp;&nbsp;&nbsp;&nbsp;&nbsp;&nbsp;&nbsp;&nbsp;&nbsp;&nbsp;&nbsp;&nbsp; Volkach<\/p>\n\n\n\n<p><strong>Samstag&nbsp;&nbsp;&nbsp;&nbsp;&nbsp;&nbsp;&nbsp;&nbsp;&nbsp;&nbsp;&nbsp;&nbsp;&nbsp;&nbsp;&nbsp;&nbsp; <\/strong>Ausrichter: Ralf Berz (5. Dan)<\/p>\n\n\n\n<p>&nbsp;&nbsp;&nbsp;&nbsp;&nbsp;&nbsp;&nbsp;&nbsp;&nbsp;&nbsp;&nbsp;&nbsp;&nbsp;&nbsp;&nbsp;&nbsp;&nbsp;&nbsp;&nbsp;&nbsp;&nbsp;&nbsp;&nbsp;&nbsp;&nbsp;&nbsp;&nbsp;&nbsp;&nbsp; Leitung: Joachim Reinhardt (7. Dan, Kempten)<\/p>\n\n\n\n<p>23. Juli&nbsp;&nbsp;&nbsp;&nbsp;&nbsp;&nbsp;&nbsp;&nbsp;&nbsp;&nbsp;&nbsp;&nbsp;&nbsp;&nbsp;&nbsp;&nbsp;&nbsp;&nbsp;&nbsp;&nbsp;&nbsp;&nbsp;&nbsp;&nbsp;&nbsp;&nbsp;&nbsp; Sommerfest Lehrg\u00e4nge, Pr\u00fcfungen &nbsp; &nbsp;&nbsp;&nbsp;&nbsp;&nbsp;&nbsp;&nbsp;&nbsp;&nbsp; Geisenfeld<\/p>\n\n\n\n<p>Samstag&nbsp;&nbsp;&nbsp;&nbsp;&nbsp;&nbsp;&nbsp;&nbsp;&nbsp;&nbsp;&nbsp;&nbsp;&nbsp;&nbsp;&nbsp; Leitung: Joachim Reinhardt (7. Dan, Kempten)&nbsp;&nbsp;&nbsp;&nbsp;<\/p>\n\n\n\n<ul class=\"wp-block-list\">\n<li>20.-28. August &nbsp;&nbsp;&nbsp;&nbsp;&nbsp;&nbsp;&nbsp;&nbsp;&nbsp;&nbsp;&nbsp;&nbsp;&nbsp;&nbsp;&nbsp; Trainigscamp TOSKANA &nbsp;&nbsp;&nbsp;&nbsp;&nbsp;&nbsp;&nbsp;&nbsp; &nbsp;&nbsp;&nbsp;&nbsp;&nbsp;&nbsp;&nbsp;&nbsp;&nbsp; &nbsp;&nbsp;&nbsp;&nbsp;&nbsp;&nbsp;&nbsp;&nbsp;&nbsp;&nbsp;&nbsp;bella Italia<\/li>\n<\/ul>\n\n\n\n<p><strong>&nbsp;&nbsp;&nbsp;&nbsp;&nbsp;&nbsp;&nbsp;&nbsp;&nbsp; &nbsp;&nbsp;&nbsp;&nbsp;&nbsp;&nbsp;&nbsp;&nbsp;&nbsp;&nbsp;&nbsp;&nbsp;&nbsp;&nbsp;&nbsp;&nbsp;&nbsp;&nbsp;&nbsp; <\/strong>Leitung: Joachim Reinhardt (7. Dan, Kempten)<strong>&nbsp;&nbsp;&nbsp;&nbsp; &nbsp;&nbsp;&nbsp;&nbsp;&nbsp;&nbsp;&nbsp;&nbsp;&nbsp;<\/strong><\/p>\n\n\n\n<h6 class=\"wp-block-heading\">&nbsp;&nbsp;&nbsp;&nbsp;&nbsp;&nbsp;&nbsp;&nbsp;&nbsp;&nbsp;&nbsp;&nbsp;&nbsp;&nbsp;&nbsp;&nbsp;&nbsp;&nbsp;&nbsp;&nbsp;&nbsp;&nbsp;&nbsp;&nbsp;&nbsp;&nbsp;&nbsp;&nbsp;&nbsp;&nbsp;&nbsp;&nbsp;&nbsp;&nbsp;&nbsp;&nbsp;&nbsp;&nbsp;&nbsp;&nbsp;&nbsp;&nbsp;&nbsp;&nbsp;&nbsp;&nbsp;&nbsp;&nbsp;&nbsp;&nbsp;&nbsp;&nbsp;&nbsp;&nbsp;&nbsp;&nbsp;&nbsp;&nbsp;&nbsp;&nbsp;&nbsp;&nbsp;&nbsp;&nbsp;&nbsp;&nbsp;&nbsp;&nbsp;&nbsp;&nbsp;&nbsp;&nbsp;&nbsp;&nbsp;&nbsp;&nbsp;&nbsp;&nbsp;&nbsp;&nbsp;&nbsp;&nbsp;&nbsp;&nbsp;&nbsp;&nbsp;&nbsp;&nbsp;&nbsp;&nbsp;&nbsp;&nbsp;&nbsp;&nbsp;&nbsp;&nbsp;&nbsp;&nbsp;&nbsp;&nbsp;&nbsp;&nbsp;&nbsp;&nbsp;&nbsp;&nbsp;&nbsp;&nbsp;&nbsp;&nbsp;&nbsp;&nbsp;&nbsp;&nbsp;&nbsp;&nbsp;&nbsp;&nbsp;&nbsp;&nbsp;&nbsp;&nbsp;&nbsp;&nbsp;&nbsp;&nbsp;<\/h6>\n\n\n\n<p>5. November&nbsp;&nbsp;&nbsp;&nbsp;&nbsp;&nbsp;&nbsp;&nbsp;&nbsp;&nbsp;&nbsp;&nbsp;&nbsp;&nbsp;&nbsp;&nbsp;&nbsp;&nbsp; DAN Meeting &nbsp;&nbsp;&nbsp;&nbsp;&nbsp;&nbsp;&nbsp;&nbsp;&nbsp;&nbsp;&nbsp;&nbsp;&nbsp;&nbsp;&nbsp;&nbsp;&nbsp; &nbsp;&nbsp;&nbsp;&nbsp;&nbsp;&nbsp;&nbsp;&nbsp;&nbsp;&nbsp;&nbsp;&nbsp;&nbsp;&nbsp;&nbsp;&nbsp;&nbsp;&nbsp;&nbsp; &nbsp;&nbsp;&nbsp;&nbsp;&nbsp;&nbsp;&nbsp;&nbsp;&nbsp; Geisenfeld<\/p>\n\n\n\n<p>Samstag&nbsp;&nbsp;&nbsp;&nbsp;&nbsp;&nbsp;&nbsp;&nbsp;&nbsp;&nbsp;&nbsp;&nbsp;&nbsp;&nbsp;&nbsp; Leitung: Joachim Reinhardt (7. Dan, Kempten)&nbsp;&nbsp;&nbsp;&nbsp;<\/p>\n\n\n\n<h6 class=\"wp-block-heading\">&nbsp;&nbsp;&nbsp;&nbsp;&nbsp;&nbsp;&nbsp;&nbsp;&nbsp;&nbsp;&nbsp;&nbsp;&nbsp;&nbsp;&nbsp;&nbsp;&nbsp;&nbsp;&nbsp;&nbsp;&nbsp;&nbsp;&nbsp;&nbsp;&nbsp;&nbsp;&nbsp;&nbsp;&nbsp;&nbsp;&nbsp;&nbsp;&nbsp;&nbsp;&nbsp;&nbsp;&nbsp;&nbsp;&nbsp;&nbsp;&nbsp;&nbsp;&nbsp;&nbsp;&nbsp;&nbsp;&nbsp;&nbsp;&nbsp;&nbsp;&nbsp;&nbsp;&nbsp;&nbsp;&nbsp;&nbsp;&nbsp;&nbsp;&nbsp;&nbsp;&nbsp;&nbsp;&nbsp;&nbsp;&nbsp;&nbsp;&nbsp;&nbsp;&nbsp;&nbsp;&nbsp;&nbsp;&nbsp;&nbsp;&nbsp;&nbsp;&nbsp;&nbsp;&nbsp;&nbsp;&nbsp;&nbsp;&nbsp;&nbsp;&nbsp;&nbsp;&nbsp;&nbsp;&nbsp;&nbsp;&nbsp;&nbsp;&nbsp;&nbsp;&nbsp;&nbsp;&nbsp;&nbsp;&nbsp;&nbsp;&nbsp;&nbsp;&nbsp;&nbsp;&nbsp;&nbsp;&nbsp;&nbsp;&nbsp;&nbsp;&nbsp;&nbsp;&nbsp;&nbsp;&nbsp;<\/h6>\n<\/div><\/div>\n\n\n\n<h2 class=\"wp-block-heading has-medium-font-size\"><strong>2021:<\/strong><\/h2>\n\n\n\n<p>25.09.2021:&nbsp; Schul- Neuer\u00f6ffnung und 20 Jahre Taekwon-Do Center Kulmbach e.V.<br>Leitung: Ralf Peter (7.Dan Wiesbaden), Joachim Reinhardt (7.Dan Kempten)<br>Ausrichter: Ralph-J\u00f6rg Aman (6.Dan, Kulmbach)<\/p>\n\n\n\n<p>27.2.2021: ONLINE &#8211; LIVE &#8211; Lehrgang 2.0 \u2013 2021<br>Leitung: Gro\u00dfmeister Ralf Peter (7.Dan Wiesbaden)<br>Michael Unruh (7. Dan Hamburg)<br>Joachim Reinhardt (7.Dan Kempten)<br>Ausrichter: Ralf Berz (5. Dan Volkach)<\/p>\n\n\n\n<p>30.1.2021: ONLINE &#8211; LIVE &#8211; Lehrgang 1.0 \u2013 2021<br>Leitung: Gro\u00dfmeister Ralf Peter (7.Dan Wiesbaden)<br>Joachim Reinhardt (7.Dan Kempten)<br>Ausrichter: Ralph-J\u00f6rg Aman (6.Dan, Kulmbach)<br>Tag: Samstag 30. Januar 2021<br>Ort: \u201eMy Woondsimmer is my dojang\u201c<\/p>\n\n\n\n<p>2020:<\/p>\n\n\n\n<p>25.1. Lehrgang Wei\u00df Gelb Gr\u00fcn 15.00<br>Lehrgang, Blau Rot Dan 16.45<br>Wintergrillen<br>Leitung: Ralph Aman (6.Dan) Kulmbach<\/p>\n\n\n\n<p>8.2. Lehrg\u00e4nge, Pr\u00fcfungen, Vorf\u00fchrungen Eckental<br>Samstag SPECIAL: \u201eTaekwon-Do und R\u00fccken\u201c<br>Leitung: Joachim Reinhardt (7. Dan, Kempten)<\/p>\n\n\n\n<p>22.-25.2. \u201eKick and snow\u201c Hohenegg<br>Samstag Ausrichter: Ralf Berz (5.Dan)<\/p>\n\n\n\n<p>29.2. Schuler\u00f6ffnung, Lehrg\u00e4nge, Vorf\u00fchrungen KOBLENZ<br>14.00 Leitung Ralf Peter (7.Dan)<br>Samstag Ausrichter: Marco Kallwies (3. Dan)<br><a href=\"http:\/\/taekwondocenter-koblenz.de\">http:\/\/taekwondocenter-koblenz.de<\/a><\/p>\n\n\n\n<p>Ab 9.3. Montag&nbsp;&nbsp;&nbsp;&nbsp; Kurs Budogymnastik \/ K\u00f6rperkraft 18.30<\/p>\n\n\n\n<p>Ab 11.3. Mittwoch Kurs Eigenschutz \/ Selbstverteidigung 17.30<\/p>\n\n\n\n<p>14. M\u00e4rz Gro\u00dfer Lehrgang, Pr\u00fcfungen, Vorf\u00fchrungen Geisenfeld<br>Samstag Leitung: Ralf Peter (7.Dan)<strong><br><\/strong>Ausrichter Schulleitung Michael M\u00fcller und Sandra Martin-M\u00fcller,<br>Anton-Wolf-Halle, Im Aufeld 18, 85290 Geisenfeld<br><a href=\"http:\/\/taekwondo-geisenfeld.de\">http:\/\/taekwondo-geisenfeld.de<\/a><\/p>\n\n\n\n<p>28.3. Lehrgang, Pr\u00fcfungen, 13.30 Kulmbach (entf\u00e4llt)<br>Samstag Leitung: Ralph Aman (6.Dan)<\/p>\n\n\n\n<p>16.5. Alsterpokal Hamburg (entf\u00e4llt)<br>Ausrichter: Michael Unruh (7. Dan)<\/p>\n\n\n\n<p>20. Juni national ausgeschriebenes Schulturnier Volkach<br>Ausrichter: Ralf Berz (5.Dan)<br>stattdessen: Schulleiter Semnar &#8222;Hyong&#8220;, Gr\u00e4felfing<br>Ausrichter: Ralph Humberg<br>Leitung Joachim Reinhardt (7.Dan, Kempten)<\/p>\n\n\n\n<p>15.Juli: Sommerfest Geisenfeld<br>Leitung Joachim Reinhardt (7.Dan, Kempten)<\/p>\n\n\n\n<p><strong>1. bis 8. August Taekwon-Do Trainingslager TOSKANA<\/strong><br>Leitung: Ralf Peter (7.Dan, Wiesbaden)<br>Ausrichter: Dr. Ralph-J\u00f6rg Aman (6.Dan, Kulmbach)<br>Parad\u00f9 Tuscany EcoResort<\/p>\n\n\n\n<p><strong>12.09.&nbsp;&nbsp; Hyong Lehrgang:&nbsp; Ralf Peter (7.Dan, Wiesbaden)<\/strong><\/p>\n\n\n\n<p><strong>1<\/strong>4.10. Samstag 5 Jahre \u00dc 50<br>Ausrichter: Petra Wettermann<br>Garmisch-Partenkirchen<\/p>\n\n\n\n<p><strong>31. Oktober Eckental (entf\u00e4llt)<\/strong><br>Lehrg\u00e4nge alle G\u00fcrtelfarben, Pr\u00fcfungen<br>Leitung Ralf Peter (7.Dan)<br>Ausrichter: Christian Gugel (5.Dan)<\/p>\n\n\n\n<p><strong>19.12. Samstag LIVE &#8211; ONLINE<\/strong><br>Lehrg\u00e4nge alle G\u00fcrtelfarben<br>Leitung Joachim Reinhardt (7.Dan, Kempten)<\/p>\n\n\n\n<p><strong>2019:<\/strong><\/p>\n\n\n\n<p><strong>14.12. Lehrgang, Pr\u00fcfungen, Mitgliederversammlung, Kulmbach<\/strong><br><strong>Weihnachtsfeier<\/strong><br>Leitung: Joachim Reinhardt (7. Dan, Kempten)&nbsp;&nbsp;&nbsp;&nbsp;&nbsp;&nbsp;<\/p>\n\n\n\n<p><strong>12.10.2019 Gr\u00e4felfing<br>Jubil\u00e4umsveranstaltung 30 Jahre<br><\/strong>Leitung: Joachim Reinhardt 7.Dan<br>Veranstalter: Ralph D. Humberg, 2. Dan<\/p>\n\n\n\n<p><strong>28.9.&nbsp; Schulneuer\u00f6ffnung, Lehrg\u00e4nge, Dingolfing<br><\/strong>Leitung: Joachim Reinhardt (7.Dan)<\/p>\n\n\n\n<p>Ab 23.9. Montag Kurs Budogymnastik&nbsp;<\/p>\n\n\n\n<p>Ab 25.9. Mittwoch Kurs Eigenschutz \/ Selbstverteidigung<\/p>\n\n\n\n<p><strong>21.9. Lehrgang, Pr\u00fcfungen,&nbsp; 13.30 Kulmbach Samstag<br><\/strong>Leitung: Ralph Aman (6.Dan<strong>)&nbsp;<\/strong><\/p>\n\n\n\n<p><strong>8.9.2019 Family fun Fest&nbsp; 2 Vorf\u00fchrungen, Kulmbach<\/strong>Leitung: Ralph Aman (6.Dan)<\/p>\n\n\n\n<p><strong>24.8.-31.8. Trainingslager Paradu, Toskana, Italien<\/strong><br>Leitung: R. Peter (7.Dan), J. Reinhardt (7.Dan), Ralph Aman (6.Dan)<\/p>\n\n\n\n<p><strong>17.8. Lehrg\u00e4nge, Pr\u00fcfungen, Weinfest, Volkach<\/strong><br><strong>Ausrichter: Ralf Berz (5.Dan)<\/strong><\/p>\n\n\n\n<p>Juli: Sommerfest Geisenfeld<\/p>\n\n\n\n<p><strong>Samstag 29.6.2019 ab 14.00<br><\/strong><strong>Lehrg\u00e4nge Pr\u00fcfungen<\/strong><\/p>\n\n\n\n<p><strong>24.-26. MAI<br>Gipfeltreffen Sonthofen<\/strong><br>Ausrichter: Denis Hartmann Leitung: Joachim Reinhardt (7.Dan)<\/p>\n\n\n\n<h4 class=\"wp-block-heading\" id=\"sonntag-19-mailehrgange-hyong-hosinsul\"><strong>Sonntag 19. MAI<\/strong><br>Lehrg\u00e4nge:&nbsp;&nbsp; Hyong,&nbsp; Hosinsul<\/h4>\n\n\n\n<h4 class=\"wp-block-heading\" id=\"samstag-6-april-ab-14-00lehrgange-hyong-hosinsul\"><br>Samstag 6. April ab 14.00<br>Lehrg\u00e4nge:&nbsp;&nbsp; Hyong,&nbsp; Hosinsul<\/h4>\n\n\n\n<p>Samstag 16.M\u00e4rz 13.30 Lehrgang, Pr\u00fcfungen<br>Ort: Vorwerkstr. 14, Kulmbach<br>Leitung: Dr. Ralph Aman (6. Dan, Kulmbach)<\/p>\n\n\n\n<p>Ab 13.M\u00e4rz 17.30 Kurs<br>Selbstverteidigung f\u00fcr Einsteiger<\/p>\n\n\n\n<p>Ab 11.M\u00e4rz 18.30 Kurs<br>Budogymnastik und K\u00f6rperkraft<\/p>\n\n\n\n<p><strong>Samstag 9.02.2019 &nbsp;&nbsp; 15.00 Uhr<\/strong><br><strong>Lehrg\u00e4nge<br><\/strong>Gewerbegebiet Ost 15C,&nbsp; 91085 Weisendorf<br>Leitung: Joachim Reinhardt (7.Dan, Kempten)<br>Ausrichter: Jochen Kr\u00e4mer (4.Dan)<\/p>\n\n\n\n<p>Samstag 19.01.<br><strong>Lehrg\u00e4nge \u00dc 40<\/strong><br>Ort: Eckental<br>Leitung: Joachim Reinhardt (7.Dan, Kempten)<br>Medizinische Aspekte: Dr. Ralph-J\u00f6rg Aman (6.Dan, Kulmbach)<br>Ausrichter: Christian Gugel (4. Dan)<\/p>\n\n\n\n<p><strong>2018:<br><\/strong>Samstag 15.12.<br><strong>Lehrgang, Pr\u00fcfung, Weihnachtsfeier<\/strong><br>Ort: Vorwerkstr. 14, Kulmbach<br>Leitung: Joachim Reinhardt (7. Dan, Kempten)<br>Ausrichter: Dr. Ralph Aman (6. Dan, Kulmbach)<\/p>\n\n\n\n<p>Samstag 27.10.<br><strong>Lehrgang, Pr\u00fcfungen<\/strong><br>Ort: Vorwerkstr. 14, Kulmbach<br>Leitung: Dr. Ralph Aman (6. Dan, Kulmbach)<\/p>\n\n\n\n<p>Samstag, 20.10.2018<br><strong>Schulturnier Volkach<\/strong><br>Leitung: Gro\u00dfmeister Ralf Peter (7.Dan)<br>Ausrichter: Ralf Berz<\/p>\n\n\n\n<p>ab 18.09. Kurs <strong>Budogymnastik<\/strong> w\u00f6chentlich<br>ab 21.09. Kurs <strong>Selbstverteidigung<\/strong> w\u00f6chentlich<\/p>\n\n\n\n<p>Sonntag 9.09.<br><strong>Family Fun Fest Kulmbach<\/strong><br>2 Vorf\u00fchrungen<br>Leitung: Dr. Ralph Aman (6. Dan, Kulmbach)<\/p>\n\n\n\n<p><strong>Juli<br><\/strong>Gipfeltreffen Sonthofen<\/p>\n\n\n\n<p><strong>Samstag 16.6.2018<\/strong><br>Jubil\u00e4um F\u00fcrstenfeldbruck<br>Lehrg\u00e4nge, Vorf\u00fchrungen<\/p>\n\n\n\n<p><strong>Samstag 09.06.<\/strong><br><strong>Lehrgang, Pr\u00fcfungen<\/strong><br>Ort: Vorwerkstr. 14, Kulmbach<br>Leitung: Dr. Ralph Aman (6. Dan, Kulmbach)<\/p>\n\n\n\n<p><strong>30.3.- 7.4.2017 Trainingswoche Portland USA, Gro\u00dfmeister Kwon, Jae-Hwa<\/strong><\/p>\n\n\n\n<p><strong>Samstag 10.03.<br><\/strong>14.30 Uhr: Pr\u00fcfungen alle G\u00fcrtelfarben<\/p>\n\n\n\n<p><strong>Ab 7.M\u00e4rz 17.30 Kurs<br>Selbstverteidigung f\u00fcr Anf\u00e4nger<\/strong><\/p>\n\n\n\n<p>Ab 5.M\u00e4rz 18.30 Kurs<br>Budogymnastik und K\u00f6rperkraft<\/p>\n\n\n\n<p>Freitag 9.2.<br>Preisverleihung Quantensprung BLSV<br>Feuchtwangen<\/p>\n\n\n\n<p>Samstag 20.1.<br>10.30 Uhr Lehrgang ab Blaugurt<\/p>\n\n\n\n<p>Ab 7.1.2018 NEUE EINSTEIGERKURSE<\/p>\n\n\n\n<p><strong>2017:<\/strong><\/p>\n\n\n\n<p>Mittwoch 20.12.<br><strong>Ver\u00f6ffentlichung &#8222;Zen &#8211; Kunst der Selbstverteidigung&#8220; von Jae-Hwa Kwon<\/strong><br><strong>\u00dcbergabe einer Buchspende an die Stiftung Kinderkrebshilfe Nachsorge<\/strong><br>Ort: Berlin<br>Leitung: Dr. Ralph Aman (6. Dan, Kulmbach)<\/p>\n\n\n\n<p>Samstag 16.12.<br><strong>Lehrgang, Pr\u00fcfung, Weihnachtsfeier<\/strong><br>Ort: Vorwerkstr. 14, Kulmbach<br>Leitung: Joachim Reinhardt (7. Dan, Kempten)<br>Ausrichter: Dr. Ralph Aman (6. Dan, Kulmbach)<\/p>\n\n\n\n<p>Mittwoch 13.12.<br><strong>Filmtermin TV 17.00 bis 19.00 Uhr<\/strong><br>Ort: Vorwerkstr. 14, Kulmbach<\/p>\n\n\n\n<p>Samstag 07.10.<br><strong>Lehrgang, Pr\u00fcfungen<\/strong><br>Ort: Vorwerkstr. 14, Kulmbach<br>Leitung: Dr. Ralph Aman (6. Dan, Kulmbach)<\/p>\n\n\n\n<p>ab 18.09. Kurs <strong>Budogymnastik<\/strong> w\u00f6chentlich<br>ab 21.09. Kurs <strong>Selbstverteidigung<\/strong> w\u00f6chentlich<\/p>\n\n\n\n<p>Sonntag 10.09.<br><strong>Family Fun Fest Kulmbach<\/strong><br>2 Vorf\u00fchrungen<br>Leitung: Dr. Ralph Aman (6. Dan, Kulmbach)<\/p>\n\n\n\n<p>26.8.-2.9. Trainingslager Pine Beach, Pakostane, Kroatien<br>Leitung: R. Peter (7.Dan), J. Reinhardt (7.Dan), Ralph Aman (6.Dan)<\/p>\n\n\n\n<p>Samstag 12.08.<br><strong>Schuler\u00f6ffnung, Weinfest<\/strong><br>Volkach<br>Leitung: Ralf Peter (7. Dan, Wiesbaden)<br>Ausrichter: Ralf Berz (4. Dan)<\/p>\n\n\n\n<p>Freitag 21.07. :<br><strong>Vorf\u00fchrung Schulfest MGF<\/strong><br>Leitung: Dr. Ralph Aman (6. Dan, Kulmbach)<\/p>\n\n\n\n<p>Samstag 15.07.<br><strong>Lehrg\u00e4nge, Vorf\u00fchrungen<\/strong>,<br>Garmisch<br>Leitung: Ralf Peter (7.Dan)<br>Ausrichter: G\u00fclabi Erkoc (5.Dan)<\/p>\n\n\n\n<p>Sonntag 28.05.<br>14:00 Uhr Lehrgang Rot, Schwarz<br>15:00 Uhr Lehrgang und Pr\u00fcfungen<br>Leitung: Dr. Ralph Aman (6. Dan, Kulmbach)<\/p>\n\n\n\n<p>5.-7. Mai Gipfeltreffen<br><strong>Lehrgangswochenende Sonthofen<\/strong><br>Ausrichter: Denis Hartmann<\/p>\n\n\n\n<p>25 und 26.03.<br><strong>Lehrg\u00e4nge alle G\u00fcrtelfarben, Bad Reichenhall<\/strong><br>sportmedizinische Aspekte<\/p>\n\n\n\n<p>ab 06.03. Kurs <strong>Budogymnastik<\/strong> w\u00f6chentlich<br>ab 08.03. Kurs <strong>Selbstverteidigung<\/strong> w\u00f6chentlich<\/p>\n\n\n\n<p>Samstag 25.2.:<br><strong>Lehrgang, Pr\u00fcfungen<\/strong><br>Ort: Vorwerkstr. 14, Kulmbach<br>Leitung: Dr. Ralph Aman (6. Dan, Kulmbach)<\/p>\n\n\n\n<p>4.-11.02. Lehrgangswoche, Pr\u00fcfungen<br><strong>Gro\u00dfmeister Kwon, Jae Hwa Portland, USA<\/strong><\/p>\n\n\n\n<p><strong>2016:<\/strong><\/p>\n\n\n\n<p>Samstag 17.12.:<br><strong>Lehrg\u00e4nge, Pr\u00fcfungen, Mitgliederversammlung, Weihnachtsfeier<\/strong><br>Ab 10:00 Uhr, Vorwerkstr. 14, Kulmbach<br>Ausrichter: Dr. Ralph Aman (6. Dan, Kulmbach)<br>Leitung: Joachim Reinhardt (7. Dan, Kempten)<\/p>\n\n\n\n<p>Samstag 15.10.<br><strong>Deutsche Meisterschaft<\/strong><br>1.-3. Dan Schwarzgurt<\/p>\n\n\n\n<p>Samstag 8.10. :<br><strong>Lehrg\u00e4nge und Pr\u00fcfungen<\/strong><br>13.30: Blau, Rot, Dan,<br>14.30: Alle<br>VVorwerkstr. 14, Kulmbach<br>Leitung: Dr. Ralph Aman (6. Dan, Kulmbach)<\/p>\n\n\n\n<p>Samstag 18.6.:<br><strong>Lehrg\u00e4nge und Pr\u00fcfungen<\/strong><br>13.30: Blau, Rot, Dan,<br>15.00: Alle<br>Vorwerkstr. 14, Kulmbach<br>Leitung: Dr. Ralph Aman (6. Dan, Kulmbach)<\/p>\n\n\n\n<p>1.-3.7.:<br><strong>Lehrgangswochenende<\/strong><br>Ahornhof (Ausrichter: Christian Gugel, Eckental)<\/p>\n\n\n\n<p>Sonntag 17.7.:<br><strong>SOMMERFEST 15 Jahre Taekwon-Do Kulmbach<\/strong><br>Vorwerkstr. 14, Kulmbach<br>Leitung: Joachim Reinhardt (7. Dan, Kempten)<br>Ausrichter: Dr. Ralph Aman (6. Dan, Kulmbach)<\/p>\n\n\n\n<p>Samstag 23.7.:<br><strong>Koppelfest Sanspareil<\/strong><br>Vorf\u00fchrungen<br>Leitung: Dr. Ralph Aman (6. Dan, Kulmbach)<\/p>\n\n\n\n<p>Samstag 13,8.<br><strong>Lehrgang, Weinfest Volkach<\/strong><br>Ausrichter: Ralf Berz<\/p>\n\n\n\n<p>Samstag 19.3.:<br><strong>Lehrg\u00e4nge und Pr\u00fcfungen<\/strong><br>Kempten, 14.00 Uhr<br>Leitung: Joachim Reinhardt (7. Dan, Kempten)<\/p>\n\n\n\n<p>Samstag 27.2.:<br><strong>Lehrg\u00e4nge und Pr\u00fcfungen<\/strong><br>Vorwerkstr. 14, Kulmbach<br>Leitung: Dr. Ralph Aman (6. Dan, Kulmbach)<\/p>\n\n\n\n<p><strong>2015:<\/strong><\/p>\n\n\n\n<p>Samstag 12.12.:<br><strong>Lehrgang, Pr\u00fcfungen, Mitgliederversammlung, Weihnachtsfeier<\/strong><br>Ab 13:00 Uhr<br>Vorwerkstr. 14, Kulmbach<br>Ausrichter: Dr. Ralph Aman (6. Dan, Kulmbach)<br>Leitung: Joachim Reinhardt (7. Dan, Kempten)<\/p>\n\n\n\n<p>Samstag 28.11.:<br><strong>Lehrg\u00e4nge Blau, Rot, Dan- Tr\u00e4ger<\/strong><br>Wann?: 28.11. &#8211; 11:00 Uhr<br>Wo?: Vorwerkstr. 14, Kulmbach<br>Leitung: Dr. Ralph Aman (6. Dan, Kulmbach)<\/p>\n\n\n\n<p>Samstag 07.11.:<br><strong>Lehrg\u00e4nge und Pr\u00fcfungen<\/strong><br>Wo?: Vorwerkstr. 14, Kulmbach<br>Leitung: Dr. Ralph Aman (6. Dan, Kulmbach)<\/p>\n\n\n\n<p>Freitag 23.10. &#8211; Sonntag 25.10.:<br><strong>Gro\u00dfmeister Kwon Jae Hwa in Deutschland<\/strong><br>Wann?: 23. &#8211; 25.10.<br><a href=\"http:\/\/www.taekwondo-deutschland.de\">www.taekwondo-deutschland.de<\/a><\/p>\n\n\n\n<p>Samstag 03.10.:<br><strong>&#8222;Vielfalt 3.0&#8220; Benefiz GALA<\/strong><br>Wo?: Garching<br>Ausrichter: Klaus Bernet (5. Dan, Garching)<\/p>\n\n\n\n<p>Sonntag 27.09.:<br><strong>Neuer\u00f6ffnung Dojang Z\u00fcrich<\/strong><br>Wann?: 27.09. &#8211; 14:00 Uhr<br>Wo?: Z\u00fcrich<br>Ausrichter: Salvatore Terranova (5. Dan, Z\u00fcrich)<\/p>\n\n\n\n<p>Samstag 26.09.:<br><strong>\u201eVielfalt 2.0\u201c Lehrg\u00e4nge alle G\u00fcrtelstufen<\/strong><br>Wann?: 26.09. &#8211; 14:00 Uhr<br>Wo?: Sonthofen<br>Ausrichter: Denis Hartmann (3. Dan)<br>Leitung: Joachim Reinhardt (7. Dan, Kempten)<\/p>\n\n\n\n<p>Sonntag 13.09.:<br><strong>Vorf\u00fchrungen Family Fun Fest<\/strong><br>Wo?: Kulmbacher M\u00f6nchshof<br>Leitung: Dr. Ralph J\u00f6rg Aman (6. Dan, Kulmbach)<\/p>\n\n\n\n<p>Sonntag 30.08. &#8211; Sonntag 06.09.:<br><strong>Sommer Trainingslager Pine beach<\/strong><br>Wo?: Pakostane, Kroatien<br>Leitung: J. Reinhardt (7. Dan, Kempten), Dr. Ralph Aman (6. Dan, Kulmbach)<\/p>\n\n\n\n<p>Samstag 15.08.:<br><strong>Weinfest Lehrgang<\/strong><br>Wann?: 15.08. &#8211; 13:00 Uhr<br>Wo?: Volkach<br>Ausrichter: Ralf Berz (4. Dan, Volkach)<\/p>\n\n\n\n<p>Samstag 25.07.:<br><strong>\u201eVielfalt 1.0\u201c Lehrg\u00e4nge alle G\u00fcrtelstufen<\/strong><br>Wo?: Eckental<br>Ausrichter: Christian Gugel (4. Dan)<br>Leitung: Joachim Reinhardt (7. Dan, Kempten)<\/p>\n\n\n\n<p>Samstag 20.06.:<br><strong>Lehrg\u00e4nge und Pr\u00fcfungen<\/strong><br>Wo?: Vorwerkstr. 14, Kulmbach<br>Leitung: Dr. Ralph Aman (6. Dan, Kulmbach)<\/p>\n\n\n\n<p>Samstag 13.06.:<br><strong>Lehrgang und Pr\u00fcfungen<\/strong><br>Wo?: Sonthofen<br>Ausrichter: Dennis Hartmann (3. Dan)<br>Leitung: Joachim Reinhardt (7. Dan, Kempten)<\/p>\n\n\n\n<p>Samstag 16.05.:<br><strong>Lehrg\u00e4nge &#8222;DO&#8220;<\/strong><br>Wo?: Kempten<br>Leitung: Joachim Reinhardt (7. Dan, Kempten)<\/p>\n\n\n\n<p>Samstag 28.03.:<br><strong>Lehrg\u00e4nge und Pr\u00fcfungen<\/strong><br>Wo?: Vorwerkstr. 14, Kulmbach<br>Leitung: Dr. Ralph Aman (6. Dan, Kulmbach)<\/p>\n\n\n\n<p>Mittwoch 18.02. &#8211; Donnerstag 26.02.:<br><strong>Lehrg\u00e4nge und Pr\u00fcfungen bei Gro\u00dfmeister Kwon<\/strong><br>Wo?: Portland USA<\/p>\n\n\n\n<p>Samstag 31.01.:<br><strong>Deutsche Dan- Meisterschaften<\/strong><br>Wo?: Gersthofen<br>Leitung: Gro\u00dfmeister Ralf Peter<\/p>\n\n\n\n<p><strong>2014:<\/strong><\/p>\n\n\n\n<p>Samstag 13.12.:<br><strong>Lehrgang, Pr\u00fcfungen, Mitgliederversammlung, Weihnachtsfeier<\/strong><br>Wann?: 13.12. &#8211; ab 13:00 Uhr<br>Wo?: Vorwerkstr. 14, Kulmbach<br>Ausrichter: Dr. Ralph Aman (5. Dan, Kulmbach)<br>Leitung: Joachim Reinhardt (6. Dan, Kempten)<\/p>\n\n\n\n<p>Samstag 15.11.:<br><strong>Internationales St\u00e4dte &#8211; Turnier<\/strong><br>Wo?: Bad Reichenhall<br>Leitung: Dr. Ralph J\u00f6rg Aman (5.Dan, Kulmbach)<\/p>\n\n\n\n<p>Samstag 25.10.:<br><strong>Vorf\u00fchrungen Sportfest Presseck<\/strong><br>Wo?: Presseck<br>Leitung: Dr. Ralph J\u00f6rg Aman (5.Dan, Kulmbach)<\/p>\n\n\n\n<p>Samstag 11.10.:<br><strong>Lehrg\u00e4nge, Thema \u201cKwon\u201d<\/strong><br>Wo?: Garching<\/p>\n\n\n\n<p>Samstag 27.09.:<br><strong>Lehrgang und Pr\u00fcfungen<\/strong><br>Wo?: Kulmbach, Vorwerkstra\u00dfe 14<br>Leitung: Dr. Ralph J\u00f6rg Aman (5.Dan, Kulmbach)<\/p>\n\n\n\n<p>Sonntag 14.09.:<br><strong>Vorf\u00fchrungen Family Fun Fest<\/strong><br>Wo?: Kulmbacher M\u00f6nchshof<br>Leitung: Dr. Ralph J\u00f6rg Aman (5.Dan, Kulmbach)<\/p>\n\n\n\n<p>Donnerstag 28.08. &#8211; Sonntag 31.08..:<br><strong>Trainingslager kleiner Brombachsee<\/strong><br>Leitung: J. Reinhardt (6.Dan, Kempten)<\/p>\n\n\n\n<p>Freitag 18.07.:<br><strong>Open Air Lehrgang<\/strong><br>Wann?: 18.07. &#8211; 17:30 Uhr<br>Wo?: bei Christine \u00d6hrlein<br>Leitung: Dr. Ralph J\u00f6rg Aman (5.Dan, Kulmbach)<\/p>\n\n\n\n<p>Samstag 28.06.:<br><strong>Gro\u00dfmeister Kwon in Deutschland<\/strong><br>Lehrg\u00e4nge f\u00fcr alle Farben (kostenfrei)<br>Wo?: Garmisch-Patenkirchen<br><a href=\"www.50jahre-kwon-jae-hwa-taekwondo-europa.de\" target=\"_blank\" rel=\"noreferrer noopener\">www.50jahre-kwon-jae-hwa-taekwondo-europa.de<\/a><\/p>\n\n\n\n<p>Samstag 07.06.:<br><strong>Lehrgang und Pr\u00fcfungen<\/strong><br>Wann?: 07.06. &#8211; 13:30 Uhr<br>Wo?: Kulmbach, Vorwerkstra\u00dfe 14<br>Leitung: Dr. Ralph J\u00f6rg Aman (5.Dan, Kulmbach)<\/p>\n\n\n\n<p>Samstag 26.04.:<br><strong>Lehrgang und Pr\u00fcfungen<\/strong><br>Wann?: 26.04. &#8211; 13:30 Uhr<br>Wo?: Kulmbach, Vorwerkstra\u00dfe 14<br>Leitung: Dr. Ralph J\u00f6rg Aman (5.Dan, Kulmbach)<\/p>\n\n\n\n<p>Samstag 12.04.:<br><strong>Lehrg\u00e4nge alle Farben: &#8222;TAE&#8220;<\/strong><br>Wann?: 12.04. &#8211; 13:00 Uhr<br>Wo?: Bayreuth &#8222;LaFit&#8220;, Ottostra\u00dfe 1<br>Leitung: J. Reinhardt (6.Dan, Kempten)<\/p>\n\n\n\n<p><\/p>\n","protected":false},"excerpt":{"rendered":"<p>Ab 24.2.&nbsp;&nbsp;&nbsp;&nbsp;&nbsp;&nbsp;&nbsp;&nbsp;&nbsp;&nbsp;&nbsp;&nbsp;&nbsp;&nbsp;&nbsp;&nbsp;&nbsp; Offene Kurse (Mitglieder kostenfrei):&nbsp;&nbsp;&nbsp;&nbsp;&nbsp;&nbsp;&nbsp;&nbsp;&nbsp;&nbsp;&nbsp;&nbsp;&nbsp;&nbsp;&nbsp;&nbsp;&nbsp;&nbsp;&nbsp;&nbsp;&nbsp;&nbsp;&nbsp;&nbsp; Kulmbach &nbsp;&nbsp;&nbsp;&nbsp;&nbsp;&nbsp;&nbsp;&nbsp;&nbsp;&nbsp;&nbsp;&nbsp;&nbsp;&nbsp;&nbsp;&nbsp;&nbsp;&nbsp;&nbsp;&nbsp;&nbsp;&nbsp;&nbsp;&nbsp;&nbsp;&nbsp;&nbsp;&nbsp;&nbsp;&nbsp;&nbsp; Budogymnastik und K\u00f6rperkraft&nbsp; (Mo) &nbsp;&nbsp;&nbsp;&nbsp;&nbsp;&nbsp;&nbsp;&nbsp;&nbsp;&nbsp;&nbsp;&nbsp;&nbsp;&nbsp;&nbsp;&nbsp;&nbsp;&nbsp;&nbsp;&nbsp;&nbsp;&nbsp;&nbsp;&nbsp;&nbsp;&nbsp;&nbsp;&nbsp;&nbsp;&nbsp;&nbsp; Eigenschutz und Selbstverteidigung (Mi) &nbsp; 1. M\u00e4rz &nbsp;&nbsp;&nbsp;&nbsp;&nbsp;&nbsp; &nbsp;&nbsp;&nbsp;&nbsp;&nbsp;&nbsp;&nbsp;&nbsp;&nbsp; Lehrg\u00e4nge&nbsp; SPORTANLAGE BLSV&nbsp;&nbsp;&nbsp; &nbsp;&nbsp; &nbsp;&nbsp;&nbsp;&nbsp;&nbsp;&nbsp;&nbsp;&nbsp;&nbsp;&nbsp;&nbsp;Bischofsgr\u00fcn Samstag &nbsp;&nbsp;&nbsp;&nbsp;&nbsp;&nbsp;&nbsp;&nbsp;&nbsp;&nbsp;&nbsp;&nbsp;&nbsp;&nbsp; Leitung: E. Padellis 6. Dan, Erlangen&nbsp; 8. M\u00e4rz&nbsp;&nbsp;&nbsp;&nbsp;&nbsp;&nbsp;&nbsp;&nbsp;&nbsp;&nbsp;&nbsp;&nbsp;&nbsp;&nbsp;&nbsp;&nbsp;&nbsp; Lehrgang, Pr\u00fcfungen,&nbsp;&nbsp;&nbsp;&nbsp;&nbsp;&nbsp;&nbsp;&nbsp;&nbsp;&nbsp;&nbsp;&nbsp;&nbsp;&nbsp;&nbsp;&nbsp;&nbsp;&nbsp;&nbsp;&nbsp;&nbsp;&nbsp;&nbsp;&nbsp;&nbsp;&nbsp;&nbsp;&nbsp; &nbsp;&nbsp;&nbsp;&nbsp;&nbsp;&nbsp;&nbsp;14.00&nbsp;&nbsp;&nbsp; Kulmbach Samstag&nbsp;&nbsp;&nbsp;&nbsp;&nbsp;&nbsp;&nbsp;&nbsp; &nbsp;&nbsp;&nbsp;&nbsp;&nbsp;&nbsp;&nbsp;&nbsp; Leitung: Ralph-J\u00f6rg Aman (6.Dan)&nbsp;&nbsp;&nbsp;&nbsp;&nbsp;&nbsp;&nbsp;&nbsp;&nbsp;&nbsp;&nbsp;&nbsp;&nbsp;&nbsp; &nbsp;&nbsp;&nbsp;&nbsp;&nbsp;&nbsp;&nbsp;&nbsp;&nbsp; &nbsp;&nbsp;&nbsp;&nbsp;&nbsp;&nbsp;&nbsp;&nbsp;&nbsp;&nbsp;&nbsp;&nbsp;&nbsp;&nbsp;&nbsp;&nbsp;&nbsp; &nbsp;&nbsp;&nbsp;&nbsp;&nbsp;&nbsp;&nbsp;&nbsp;&nbsp;&nbsp;&nbsp;&nbsp;&nbsp;&nbsp; 22. M\u00e4rz &nbsp;&nbsp;&nbsp;&nbsp;&nbsp;&nbsp;&nbsp;&nbsp;&nbsp;&nbsp;&nbsp;&nbsp;&nbsp;&nbsp; Schuler\u00f6ffnung Vorf\u00fchrung&hellip;<\/p>\n","protected":false},"author":1,"featured_media":0,"parent":0,"menu_order":5,"comment_status":"closed","ping_status":"closed","template":"","meta":{"footnotes":""},"class_list":["post-25","page","type-page","status-publish","hentry"],"_links":{"self":[{"href":"http:\/\/taekwon-do-kulmbach.de\/index.php?rest_route=\/wp\/v2\/pages\/25","targetHints":{"allow":["GET"]}}],"collection":[{"href":"http:\/\/taekwon-do-kulmbach.de\/index.php?rest_route=\/wp\/v2\/pages"}],"about":[{"href":"http:\/\/taekwon-do-kulmbach.de\/index.php?rest_route=\/wp\/v2\/types\/page"}],"author":[{"embeddable":true,"href":"http:\/\/taekwon-do-kulmbach.de\/index.php?rest_route=\/wp\/v2\/users\/1"}],"replies":[{"embeddable":true,"href":"http:\/\/taekwon-do-kulmbach.de\/index.php?rest_route=%2Fwp%2Fv2%2Fcomments&post=25"}],"version-history":[{"count":89,"href":"http:\/\/taekwon-do-kulmbach.de\/index.php?rest_route=\/wp\/v2\/pages\/25\/revisions"}],"predecessor-version":[{"id":1118,"href":"http:\/\/taekwon-do-kulmbach.de\/index.php?rest_route=\/wp\/v2\/pages\/25\/revisions\/1118"}],"wp:attachment":[{"href":"http:\/\/taekwon-do-kulmbach.de\/index.php?rest_route=%2Fwp%2Fv2%2Fmedia&parent=25"}],"curies":[{"name":"wp","href":"https:\/\/api.w.org\/{rel}","templated":true}]}}